{"id":297,"date":"2023-02-15T11:34:14","date_gmt":"2023-02-15T10:34:14","guid":{"rendered":"https:\/\/catedramiguelhernandez.umh.es\/?page_id=297"},"modified":"2023-02-23T14:06:24","modified_gmt":"2023-02-23T13:06:24","slug":"bibliografia-destacada-sobre-el-poeta","status":"publish","type":"page","link":"https:\/\/catedramiguelhernandez.umh.es\/ca\/bibliografia-destacada-sobre-el-poeta\/","title":{"rendered":"<span lang=\"es\">(Espa\u00f1ol) Bibliograf\u00eda destacada sobre el poeta<\/span>"},"content":{"rendered":"<p>[et_pb_section fb_built=&#8221;1&#8243; _builder_version=&#8221;4.17.4&#8243; _module_preset=&#8221;default&#8221; global_colors_info=&#8221;{}&#8221;][et_pb_row _builder_version=&#8221;4.17.4&#8243; _module_preset=&#8221;default&#8221; global_colors_info=&#8221;{}&#8221;][et_pb_column type=&#8221;4_4&#8243; _builder_version=&#8221;4.17.4&#8243; _module_preset=&#8221;default&#8221; global_colors_info=&#8221;{}&#8221;][et_pb_text _builder_version=&#8221;4.17.4&#8243; _module_preset=&#8221;default&#8221; header_font=&#8221;|700|||||||&#8221; header_text_color=&#8221;#000000&#8243; global_colors_info=&#8221;{}&#8221;]<\/p>\n<h1>BIBLIOGRAF\u00cdA DESTACADA SOBRE EL POETA<\/h1>\n<p>[\/et_pb_text][et_pb_text _builder_version=&#8221;4.17.4&#8243; _module_preset=&#8221;default&#8221; text_text_color=&#8221;#000000&#8243; text_font_size=&#8221;16px&#8221; text_orientation=&#8221;justified&#8221; hover_enabled=&#8221;0&#8243; global_colors_info=&#8221;{}&#8221; sticky_enabled=&#8221;0&#8243;]<\/p>\n<p><span style=\"font-weight: 400;\">Acereda, Alberto (1995): El <\/span><i><span style=\"font-weight: 400;\">lenguaje po\u00e9tico de Miguel Hern\u00e1ndez (El rayo que no cesa)<\/span><\/i><span style=\"font-weight: 400;\">, Madrid, Pliegos.<\/span><\/p>\n<p><span style=\"font-weight: 400;\">Alarc\u00f3n Sierra, Rafael (Ed.) (2020): <\/span><i><span style=\"font-weight: 400;\">Ja\u00e9n 1936-1939: capital andaluza de la Rep\u00fablica de las Letras<\/span><\/i><span style=\"font-weight: 400;\">, Ja\u00e9n, Editorial Universidad de Ja\u00e9n.<\/span><\/p>\n<p><span style=\"font-weight: 400;\">Aleixandre, Vicente (1958): <\/span><i><span style=\"font-weight: 400;\">Los encuentros<\/span><\/i><span style=\"font-weight: 400;\">, Madrid, Ed. Guadarrama.<\/span><\/p>\n<p style=\"padding-left: 40px;\"><span style=\"font-weight: 400;\">(2015): <\/span><i><span style=\"font-weight: 400;\">De nobel a novel. Epistolario in\u00e9dito de Vicente Aleixandre a Miguel Hern\u00e1ndez y Josefina Manresa<\/span><\/i><span style=\"font-weight: 400;\">, Edic. de J. Riquelme, Espasa, Madrid.<\/span><\/p>\n<p><span style=\"font-weight: 400;\">Alemany Bay, Carmen (Ed.) (1992): <\/span><i><span style=\"font-weight: 400;\">Miguel Hern\u00e1ndez<\/span><\/i><span style=\"font-weight: 400;\">, Alicante, Fundaci\u00f3n Cultural Caja de Ahorros del Mediterr\u00e1neo.<\/span><\/p>\n<p style=\"padding-left: 40px;\"><span style=\"font-weight: 400;\">(2013): <\/span><i><span style=\"font-weight: 400;\">Miguel Hern\u00e1ndez, el desaf\u00edo de la escritura. Proceso de creaci\u00f3n de la poes\u00eda hernandiana<\/span><\/i><span style=\"font-weight: 400;\">, Madrid, Visor.<\/span><\/p>\n<p style=\"padding-left: 40px;\"><span style=\"font-weight: 400;\">(2022):<\/span> <i><span style=\"font-weight: 400;\">Textos in\u00e9ditos e inconclusos de Miguel Hern\u00e1ndez (Estudio y edici\u00f3n),<\/span><\/i><span style=\"font-weight: 400;\"> Ja\u00e9n, Editorial Universidad de Ja\u00e9n.\u00a0<\/span><\/p>\n<p><span style=\"font-weight: 400;\">Almarcha Hern\u00e1ndez, Luis (1994): <\/span><i><span style=\"font-weight: 400;\">Mi cautiverio en el dominio rojo (19 de julio de 1936 a 25 de julio de 1937)<\/span><\/i><span style=\"font-weight: 400;\">, Le\u00f3n, Memorias, Archivo Hist\u00f3rico Diocesano.<\/span><\/p>\n<p><span style=\"font-weight: 400;\">Altolaguirre, Manuel (1975): \u00abNoticia sobre Miguel Hern\u00e1ndez\u00bb, en <\/span><i><span style=\"font-weight: 400;\">Miguel Hern\u00e1ndez<\/span><\/i><span style=\"font-weight: 400;\">, Madrid, Taurus, colecci\u00f3n El escritor y la cr\u00edtica, edic. de Mar\u00eda de Gracia Ifach.<\/span><\/p>\n<p><span style=\"font-weight: 400;\">Aparicio, Antonio (1953): \u00abEl rayo que no cesa\u00bb, en <\/span><i><span style=\"font-weight: 400;\">Revista de Guatemala<\/span><\/i><span style=\"font-weight: 400;\">, n\u00fam. 6.<\/span><\/p>\n<p><span style=\"font-weight: 400;\">Balcells, Jos\u00e9 Mar\u00eda (1975): <\/span><i><span style=\"font-weight: 400;\">Miguel Hern\u00e1ndez, coraz\u00f3n desmesurado<\/span><\/i><span style=\"font-weight: 400;\">, Barcelona, Dirosa.<\/span><\/p>\n<p style=\"padding-left: 40px;\"><span style=\"font-weight: 400;\">(1990): <\/span><i><span style=\"font-weight: 400;\">Miguel Hern\u00e1ndez<\/span><\/i><span style=\"font-weight: 400;\">, Barcelona, Teide.<\/span><\/p>\n<p style=\"padding-left: 40px;\"><span style=\"font-weight: 400;\">(1995): \u00abDe Josefina a Mar\u00eda, y de Mar\u00eda a Maruja\u00bb, en <\/span><i><span style=\"font-weight: 400;\">Homenaje a Mar\u00eda Cegarra<\/span><\/i><span style=\"font-weight: 400;\">, edic. de Santiago Delgado, Murcia, Editora Regional de Murcia.<\/span><\/p>\n<p style=\"padding-left: 40px;\"><span style=\"font-weight: 400;\">(2002): \u00abIntroducci\u00f3n\u00bb a <\/span><i><span style=\"font-weight: 400;\">Miguel Hern\u00e1ndez. El rayo que no cesa<\/span><\/i><span style=\"font-weight: 400;\">, SIAL Ediciones, Madrid.<\/span><\/p>\n<p style=\"padding-left: 40px;\"><span style=\"font-weight: 400;\">(2009): <\/span><i><span style=\"font-weight: 400;\">Sujetado rayo. Estudios sobre<\/span><\/i> <i><span style=\"font-weight: 400;\">Miguel Hern\u00e1ndez<\/span><\/i><span style=\"font-weight: 400;\">, Madrid, Devenir.<\/span><\/p>\n<p><span style=\"font-weight: 400;\">Bravo Morata, Federico (1979): <\/span><i><span style=\"font-weight: 400;\">Miguel Hern\u00e1ndez<\/span><\/i><span style=\"font-weight: 400;\">, Madrid, Ed. Fenicia.<\/span><\/p>\n<p><span style=\"font-weight: 400;\">Cano Ballesta, Juan (1962): <\/span><i><span style=\"font-weight: 400;\">La poes\u00eda de Miguel Hern\u00e1ndez<\/span><\/i><span style=\"font-weight: 400;\">, Madrid, Gredos.<\/span><\/p>\n<p style=\"padding-left: 40px;\"><span style=\"font-weight: 400;\">(2009): <\/span><i><span style=\"font-weight: 400;\">La imagen de Miguel Hern\u00e1ndez<\/span><\/i><span style=\"font-weight: 400;\">, Madrid, Ediciones de la Torre.<\/span><\/p>\n<p><span style=\"font-weight: 400;\">Carcas\u00e9s Cort\u00e9s, Jos\u00e9 Manuel (2010): <\/span><i><span style=\"font-weight: 400;\">Miguel Hern\u00e1ndez, periodista<\/span><\/i><span style=\"font-weight: 400;\">, Valencia, Generalitat Valenciana.<\/span><\/p>\n<p><span style=\"font-weight: 400;\">Carnero, Guillermo (1989): <\/span><i><span style=\"font-weight: 400;\">Las armas abisinias: ensayos sobre literatura y arte del siglo XX<\/span><\/i><span style=\"font-weight: 400;\">, Barcelona, Anthropos.<\/span><\/p>\n<p><span style=\"font-weight: 400;\">Castanedo Pfeiffer, Gunther (2005): <\/span><i><span style=\"font-weight: 400;\">Un tri\u00e1ngulo literario: Jos\u00e9 Mar\u00eda de Coss\u00edo, Miguel Hern\u00e1ndez, Pablo Neruda<\/span><\/i><span style=\"font-weight: 400;\">, Santander, Asociaci\u00f3n Voces de Cotero.<\/span><\/p>\n<p><span style=\"font-weight: 400;\">Cerd\u00e1n Tato, Enrique (2010): <\/span><i><span style=\"font-weight: 400;\">El otro sumar\u00edsmo contra Miguel Hern\u00e1ndez<\/span><\/i><span style=\"font-weight: 400;\">, Elche, Ajuntament d\u2019Elx.<\/span><\/p>\n<p><span style=\"font-weight: 400;\">Cela, Camilo Jos\u00e9 (2001): <\/span><i><span style=\"font-weight: 400;\">Memorias, entendimientos y voluntades<\/span><\/i><span style=\"font-weight: 400;\">, Madrid, Espasa-Calpe.<\/span><\/p>\n<p><span style=\"font-weight: 400;\">Cernuda, Luis (1957): <\/span><i><span style=\"font-weight: 400;\">Estudios sobre poes\u00eda contempor\u00e1nea<\/span><\/i><span style=\"font-weight: 400;\">, Madrid, Ed. Guadarrama.<\/span><\/p>\n<p style=\"padding-left: 40px;\"><span style=\"font-weight: 400;\">\u00abPoetas en la Espa\u00f1a leal\u00bb, en <\/span><i><span style=\"font-weight: 400;\">Hora de Espa\u00f1a<\/span><\/i><span style=\"font-weight: 400;\">, n\u00fam. VIII, Valencia, agosto de 1937.<\/span><\/p>\n<p><span style=\"font-weight: 400;\">Chevallier, Marie (1973): <\/span><i><span style=\"font-weight: 400;\">L\u2019homme, ses oeuvres et son destin dans la po\u00e9sie de Miguel Hern\u00e1ndez<\/span><\/i><span style=\"font-weight: 400;\">, Universit\u00e9 de Lille.<\/span><\/p>\n<p><span style=\"font-weight: 400;\">Collado, Pedro (1993): <\/span><i><span style=\"font-weight: 400;\">Miguel Hern\u00e1ndez y su tiempo<\/span><\/i><span style=\"font-weight: 400;\">, Madrid, Ediciones Vosa.<\/span><\/p>\n<p><span style=\"font-weight: 400;\">Couffon, Claude (1967): <\/span><i><span style=\"font-weight: 400;\">Orihuela y Miguel Hern\u00e1ndez<\/span><\/i><span style=\"font-weight: 400;\">, Losada, Buenos Aires.<\/span><\/p>\n<p><span style=\"font-weight: 400;\">D\u00ede, Francisco de (2010): <\/span><i><span style=\"font-weight: 400;\">Miguel Hern\u00e1ndez y yo<\/span><\/i><span style=\"font-weight: 400;\">, Orihuela, Fundaci\u00f3n Cultural Miguel Hern\u00e1ndez.<\/span><\/p>\n<p><span style=\"font-weight: 400;\">D\u00edez de Revenga, Francisco J. (edit.) (1992): <\/span><i><span style=\"font-weight: 400;\">Estudios sobre Miguel Hern\u00e1ndez<\/span><\/i><span style=\"font-weight: 400;\">, Murcia, Universidad de Murcia.<\/span><\/p>\n<p style=\"padding-left: 40px;\"><span style=\"font-weight: 400;\">y De Paco, Mariano (1981): <\/span><i><span style=\"font-weight: 400;\">El teatro de Miguel Hern\u00e1ndez<\/span><\/i><span style=\"font-weight: 400;\">, Murcia, Universidad de Murcia.<\/span><\/p>\n<p><span style=\"font-weight: 400;\">Esteve, Francisco (2010): <\/span><i><span style=\"font-weight: 400;\">Miguel Hern\u00e1ndez: de la A a la Z. Diccionario tem\u00e1tico hernandiano<\/span><\/i><span style=\"font-weight: 400;\">, Madrid, Editorial Fragua.<\/span><\/p>\n<p style=\"padding-left: 40px;\"><span style=\"font-weight: 400;\">(2012): <\/span><i><span style=\"font-weight: 400;\">El Madrid de Miguel Hern\u00e1ndez: de la A a la Z<\/span><\/i><span style=\"font-weight: 400;\">, Madrid, Editorial Fragua.<\/span><\/p>\n<p><span style=\"font-weight: 400;\">Ferris, Jos\u00e9 Luis (2022): <\/span><i><span style=\"font-weight: 400;\">Maruja Mallo. La gran transgresora del 27<\/span><\/i><span style=\"font-weight: 400;\">, Madrid, Temas de Hoy.<\/span><\/p>\n<p style=\"padding-left: 40px;\"><span style=\"font-weight: 400;\">(2004): \u00abLa amada plural en <\/span><i><span style=\"font-weight: 400;\">El rayo que no cesa<\/span><\/i><span style=\"font-weight: 400;\">\u00bb, en <\/span><i><span style=\"font-weight: 400;\">Presente y futuro de Miguel Hern\u00e1ndez, Actas del II Congreso Internacional. Orihuela-Madrid, 26-30 octubre 2003<\/span><\/i><span style=\"font-weight: 400;\">, Murcia, Fundaci\u00f3n Cultural Miguel Hern\u00e1ndez.<\/span><\/p>\n<p style=\"padding-left: 40px;\"><span style=\"font-weight: 400;\">(2007): <\/span><i><span style=\"font-weight: 400;\">Carmen Conde. Vida, pasi\u00f3n y verso de una escritora olvidada<\/span><\/i><span style=\"font-weight: 400;\">, Madrid, Temas de Hoy.<\/span><\/p>\n<p style=\"padding-left: 40px;\"><span style=\"font-weight: 400;\">(2017): <\/span><i><span style=\"font-weight: 400;\">Palabras contra el olvido. Vida y obra de Mar\u00eda Teresa Le\u00f3n (1903-2088)<\/span><\/i><span style=\"font-weight: 400;\">, Sevilla, Fundaci\u00f3n Jos\u00e9 Manuel Lara.<\/span><\/p>\n<p style=\"padding-left: 40px;\"><span style=\"font-weight: 400;\">(2020): \u00abJa\u00e9n en la vida y en la obra de Miguel Hern\u00e1ndez\u00bb, en <\/span><i><span style=\"font-weight: 400;\">Ja\u00e9n 1936-1939: capital andaluza de la Rep\u00fablica de las Letras<\/span><\/i><span style=\"font-weight: 400;\">, Rafael Alarc\u00f3n Sierra (ed.), Ja\u00e9n, Editorial Universidad de Ja\u00e9n.<\/span><\/p>\n<p style=\"padding-left: 40px;\"><span style=\"font-weight: 400;\">(2021): \u00abTradicio\u0301n poe\u0301tica y variante humana en <\/span><i><span style=\"font-weight: 400;\">El rayo que no cesa<\/span><\/i><span style=\"font-weight: 400;\">, de Miguel Herna\u0301ndez: meta\u0301foras de lo invisible\u00bb, en <\/span><i><span style=\"font-weight: 400;\">Versants<\/span><\/i><span style=\"font-weight: 400;\">, Revista suiza de literaturas roma\u0301nicas, Vol. 3, nu\u0301m. 68 (2021): Homenaje a Miguel Herna\u0301ndez en el 80 aniversario de su muerte.<\/span><\/p>\n<p style=\"padding-left: 40px;\"><span style=\"font-weight: 400;\">(2022): <\/span><i><span style=\"font-weight: 400;\">Miguel Hern\u00e1ndez. Pasiones, c\u00e1rcel y muerte de un poeta<\/span><\/i><span style=\"font-weight: 400;\">, Sevilla, Fundaci\u00f3n Jos\u00e9 Manuel Lara.<\/span><\/p>\n<p><span style=\"font-weight: 400;\">Forment\u00edn Ib\u00e1\u00f1ez, J. y Andr\u00e9s-Gallego, J. (2004): \u00abLa intervenci\u00f3n de Ridruejo e Ib\u00e1\u00f1ez Mart\u00edn en la vida del poeta Miguel Hern\u00e1ndez\u00bb, en <\/span><i><span style=\"font-weight: 400;\">Revista de Literatura<\/span><\/i><span style=\"font-weight: 400;\">, LXVI, 131, p\u00e1gs. 218-219.<\/span><\/p>\n<p><span style=\"font-weight: 400;\">Garc\u00eda-Posada, Miguel (1999): <\/span><i><span style=\"font-weight: 400;\">Acelerado sue\u00f1o. Memoria de los poetas del 27<\/span><\/i><span style=\"font-weight: 400;\">, Madrid, Espasa-Calpe.<\/span><\/p>\n<p><span style=\"font-weight: 400;\">Garc\u00eda Selma, M.\u00aa Dolores (2000): <\/span><i><span style=\"font-weight: 400;\">Carlos Fenoll: vida y obra<\/span><\/i><span style=\"font-weight: 400;\">, Alicante, Instituto Alicantino de Cultura Juan Gil-Albert.<\/span><\/p>\n<p><span style=\"font-weight: 400;\">Gelardo Navarro, Jos\u00e9 (2011): <\/span><i><span style=\"font-weight: 400;\">Miguel Hern\u00e1ndez y el flamenco: Sabor a tierra<\/span><\/i><span style=\"font-weight: 400;\">, Sevilla, Ediciones de Andaluc\u00eda SL.<\/span><\/p>\n<p><span style=\"font-weight: 400;\">Gibson, Ian (2007): <\/span><i><span style=\"font-weight: 400;\">Cuatro poetas en guerra. Antonio Machado, Juan Ram\u00f3n Jim\u00e9nez, Federico Garc\u00eda Lorca, Miguel Hern\u00e1ndez<\/span><\/i><span style=\"font-weight: 400;\">, Barcelona, Planeta.<\/span><\/p>\n<p><span style=\"font-weight: 400;\">Gim\u00e9nez Caballero, Ernesto (1979): <\/span><i><span style=\"font-weight: 400;\">Memorias de un dictador<\/span><\/i><span style=\"font-weight: 400;\">, Barcelona, Planeta.<\/span><\/p>\n<p><span style=\"font-weight: 400;\">G\u00f3mez y Pati\u00f1o, Mar\u00eda (1999): <\/span><i><span style=\"font-weight: 400;\">Propaganda po\u00e9tica en Miguel Hern\u00e1ndez. Un an\u00e1lisis de su discurso period\u00edstico y pol\u00edtico (1936-1939)<\/span><\/i><span style=\"font-weight: 400;\">, Alicante, Instituto de Cultura Juan Gil-Albert.<\/span><\/p>\n<p><span style=\"font-weight: 400;\">G\u00f3mez Vera, Inmaculada (2008): <\/span><i><span style=\"font-weight: 400;\">Miguel Hern\u00e1ndez y el Arte Nuevo<\/span><\/i><span style=\"font-weight: 400;\">, UNED, Departamento de Literatura Espa\u00f1ola y Teor\u00eda de la Literatura. Tesis Doctoral.<\/span><\/p>\n<p style=\"padding-left: 40px;\"><span style=\"font-weight: 400;\">(2011): <\/span><i><span style=\"font-weight: 400;\">Los toros de Miguel Hern\u00e1ndez<\/span><\/i><span style=\"font-weight: 400;\">, Santander, Asociaci\u00f3n de Profesores de Espa\u00f1ol <\/span><i><span style=\"font-weight: 400;\">Gerardo Diego<\/span><\/i><span style=\"font-weight: 400;\">.<\/span><\/p>\n<p><span style=\"font-weight: 400;\">Guere\u00f1a, Jacinto-Luis (1978): <\/span><i><span style=\"font-weight: 400;\">Miguel Hern\u00e1ndez: Biograf\u00eda ilustrada<\/span><\/i><span style=\"font-weight: 400;\">, Barcelona, Destino.\u00a0<\/span><\/p>\n<p><span style=\"font-weight: 400;\">Guerrero Zamora, Juan (1955): <\/span><i><span style=\"font-weight: 400;\">Miguel Hern\u00e1ndez, poeta (1910-1942)<\/span><\/i><span style=\"font-weight: 400;\">, Madrid, El Grif\u00f3n.\u00a0<\/span><\/p>\n<p style=\"padding-left: 40px;\"><span style=\"font-weight: 400;\">(1990): <\/span><i><span style=\"font-weight: 400;\">Proceso a Miguel Hern\u00e1ndez. El Sumario 21.001<\/span><\/i><span style=\"font-weight: 400;\">, Madrid, Ed. Dossat.\u00a0<\/span><\/p>\n<p><span style=\"font-weight: 400;\">Guill\u00e9n, Jos\u00e9 (1974): \u00abLa poes\u00eda de la Vega baja del Segura\u00bb, Orihuela, II Asamblea Comarcal de Escritores, Instituto de Estudios Alicantinos.\u00a0<\/span><\/p>\n<p><span style=\"font-weight: 400;\">Guti\u00e9rrez Carbonell, Miguel (1992): <\/span><i><span style=\"font-weight: 400;\">Proceso y expediente contra Miguel Hern\u00e1ndez<\/span><\/i><span style=\"font-weight: 400;\">, Alicante, Compas.<\/span><\/p>\n<p><span style=\"font-weight: 400;\">Guzm\u00e1n, Eduardo de (1976): <\/span><i><span style=\"font-weight: 400;\">Nosotros los asesinos<\/span><\/i><span style=\"font-weight: 400;\">, Madrid, G. del Toro editor.<\/span><\/p>\n<p><span style=\"font-weight: 400;\">Hern\u00e1ndez, Miguel (1993): <\/span><i><span style=\"font-weight: 400;\">Obra Completa, Volumen I, Poes\u00eda<\/span><\/i><span style=\"font-weight: 400;\">, Madrid, Espasa-Calpe.<\/span><\/p>\n<p style=\"padding-left: 40px;\"><span style=\"font-weight: 400;\">(1993): <\/span><i><span style=\"font-weight: 400;\">Obra Completa, Volumen II, Teatro, Prosas, Correspondencia<\/span><\/i><span style=\"font-weight: 400;\">, Madrid, Espasa-Calpe.<\/span><\/p>\n<p><span style=\"font-weight: 400;\">Hern\u00e1ndez Egido, M.\u00aa Paz (2011): <\/span><i><span style=\"font-weight: 400;\">Cartas de Miguel Hern\u00e1ndez a Josefina Manresa<\/span><\/i><span style=\"font-weight: 400;\">, Elche, Ed. Ayuntamiento de Elche.<\/span><\/p>\n<p><span style=\"font-weight: 400;\">Hoyo, Arturo del (2003): <\/span><i><span style=\"font-weight: 400;\">Escritos sobre Miguel Hern\u00e1ndez<\/span><\/i><span style=\"font-weight: 400;\">, Orihuela, Fundaci\u00f3n Cultural Miguel Hern\u00e1ndez.<\/span><\/p>\n<p><span style=\"font-weight: 400;\">Ifach, Mar\u00eda de Gracia (1982): <\/span><i><span style=\"font-weight: 400;\">Vida de Miguel Hern\u00e1ndez<\/span><\/i><span style=\"font-weight: 400;\">, Barcelona, Plaza y Jan\u00e9s.<\/span><\/p>\n<p><span style=\"font-weight: 400;\">Jim\u00e9nez, Juan Ram\u00f3n (1985): <\/span><i><span style=\"font-weight: 400;\">Guerra en Espa\u00f1a (1936-1953)<\/span><\/i><span style=\"font-weight: 400;\">, Madrid, Seix Barral.<\/span><\/p>\n<p><span style=\"font-weight: 400;\">Larrabide, Aitor L. (1993): \u00abMiguel Hern\u00e1ndez y <\/span><i><span style=\"font-weight: 400;\">Espada\u00f1a<\/span><\/i><span style=\"font-weight: 400;\">\u00bb, en <\/span><i><span style=\"font-weight: 400;\">La Lucerna<\/span><\/i><span style=\"font-weight: 400;\">, Orihuela, n\u00fam. 20, noviembre de 1993.<\/span><\/p>\n<p style=\"padding-left: 40px;\"><span style=\"font-weight: 400;\">(1999): <\/span><i><span style=\"font-weight: 400;\">Miguel Hern\u00e1ndez y la cr\u00edtica<\/span><\/i><span style=\"font-weight: 400;\">, Le\u00f3n, Universidad de Le\u00f3n, 1999.<\/span><\/p>\n<p style=\"padding-left: 40px;\"><span style=\"font-weight: 400;\">(2000): \u00ab\u00daltimas cartas in\u00e9ditas de Miguel Hern\u00e1ndez\u00bb, en <\/span><i><span style=\"font-weight: 400;\">Letras de Deusto<\/span><\/i><span style=\"font-weight: 400;\">, n\u00famero 86 (vol. 30), enero-marzo, 2000.<\/span><\/p>\n<p style=\"padding-left: 40px;\"><span style=\"font-weight: 400;\">(2014): <\/span><i><span style=\"font-weight: 400;\">Ram\u00f3n Sij\u00e9 en su centenario<\/span><\/i><span style=\"font-weight: 400;\"> (Edit.), Orihuela, Fundaci\u00f3n Cultural Miguel Hern\u00e1ndez.<\/span><\/p>\n<p><span style=\"font-weight: 400;\">Le\u00f3n, Mar\u00eda Teresa (1979): <\/span><i><span style=\"font-weight: 400;\">Memoria de la melancol\u00eda<\/span><\/i><span style=\"font-weight: 400;\">, Barcelona, Ed. Bruguera.<\/span><\/p>\n<p><span style=\"font-weight: 400;\">L\u00f3pez Casanova, Arcadio (1993): <\/span><i><span style=\"font-weight: 400;\">Miguel Hern\u00e1ndez, pasi\u00f3n y eleg\u00eda<\/span><\/i><span style=\"font-weight: 400;\">, Madrid, Anaya.<\/span><\/p>\n<p><span style=\"font-weight: 400;\">L\u00f3pez Hern\u00e1ndez, Marcela (1992): <\/span><i><span style=\"font-weight: 400;\">Vocabulario de la obra po\u00e9tica de<\/span><\/i> <i><span style=\"font-weight: 400;\">Miguel Hern\u00e1ndez<\/span><\/i><span style=\"font-weight: 400;\">, C\u00e1ceres, Universidad de Extremadura.<\/span><\/p>\n<p><span style=\"font-weight: 400;\">L\u00f3pez Mart\u00ednez, Mar\u00eda Isabel (1995): <\/span><i><span style=\"font-weight: 400;\">Miguel Hern\u00e1ndez y la poes\u00eda del pueblo<\/span><\/i><span style=\"font-weight: 400;\">, C\u00e1ceres, Universidad de Extremadura.<\/span><\/p>\n<p><span style=\"font-weight: 400;\">Luis, Leopoldo de (1994): <\/span><i><span style=\"font-weight: 400;\">Aproximaciones a la obra de Miguel Hern\u00e1ndez<\/span><\/i><span style=\"font-weight: 400;\">, Madrid, Libertarias\/Prodhufi.\u00a0<\/span><\/p>\n<p><span style=\"font-weight: 400;\">Mallo, Maruja (1979): \u00abSemblanza de Miguel Hern\u00e1ndez\u00bb, en <\/span><i><span style=\"font-weight: 400;\">Carpeta Homenaje a la Revista de Occidente<\/span><\/i><span style=\"font-weight: 400;\">, Madrid, Fundaci\u00f3n Ortega y Gasset.<\/span><\/p>\n<p><span style=\"font-weight: 400;\">Manresa, Josefina (1980): <\/span><i><span style=\"font-weight: 400;\">Recuerdos de la viuda de Miguel Hern\u00e1ndez<\/span><\/i><span style=\"font-weight: 400;\">, Madrid, Ediciones de la Torre.<\/span><\/p>\n<p><span style=\"font-weight: 400;\">Mart\u00edn, Eutimio (2010): <\/span><i><span style=\"font-weight: 400;\">El oficio de poeta. Miguel Hern\u00e1ndez<\/span><\/i><span style=\"font-weight: 400;\">, Madrid, Aguilar.<\/span><\/p>\n<p><span style=\"font-weight: 400;\">Mart\u00ednez Arenas, Jos\u00e9 (1963): <\/span><i><span style=\"font-weight: 400;\">De mi vida: hombres y libros<\/span><\/i><span style=\"font-weight: 400;\">, Valencia, Tipograf\u00eda Moderna.<\/span><\/p>\n<p><span style=\"font-weight: 400;\">Mart\u00ednez Mar\u00edn, Francisco (1972): <\/span><i><span style=\"font-weight: 400;\">Yo, Miguel. Biograf\u00eda y testimonios del poeta Miguel Hern\u00e1ndez<\/span><\/i><span style=\"font-weight: 400;\">, Orihuela, Ed. F\u00e9lix.<\/span><\/p>\n<p><span style=\"font-weight: 400;\">Molina, Manuel (1969): <\/span><i><span style=\"font-weight: 400;\">Miguel Hern\u00e1ndez y sus amigos de Orihuela<\/span><\/i><span style=\"font-weight: 400;\">, El Guadalhorce, M\u00e1laga, 1969.<\/span><\/p>\n<p><span style=\"font-weight: 400;\">Morelli, Gabriele (1993): \u00abHern\u00e1ndez-Aleixandre: una amistad ejemplar\u00bb, en <\/span><i><span style=\"font-weight: 400;\">Miguel Hern\u00e1ndez, cincuenta a\u00f1os despu\u00e9s<\/span><\/i><span style=\"font-weight: 400;\">. Actas del I Congreso Internacional. Alicante, Elche, Orihuela, marzo de 1992, Alicante, Comisi\u00f3n del Homenaje a Miguel Hern\u00e1ndez.<\/span><\/p>\n<p style=\"padding-left: 40px;\"><span style=\"font-weight: 400;\">(2009): \u00abMi primer encuentro con Josefina Manresa. Entre realidad y memoria\u00bb, en revista <\/span><i><span style=\"font-weight: 400;\">Canelobre<\/span><\/i><span style=\"font-weight: 400;\">, n\u00famero 56, invierno 2009-2010, Alicante, Instituto Alicantino de Cultura Juan Gil-Albert.<\/span><\/p>\n<p style=\"padding-left: 40px;\"><span style=\"font-weight: 400;\">(2010): \u00abEn torno a Josefina Manresa\u00bb, en<\/span><i><span style=\"font-weight: 400;\"> Un c\u00f3smico temblor de escalofr\u00edo. Estudios sobre Miguel Hern\u00e1ndez<\/span><\/i><span style=\"font-weight: 400;\">, Edic. de Francisco J. D\u00edez de Revenga y Mariano de Paco, Murcia, Fundaci\u00f3n CajaMurcia.<\/span><\/p>\n<p style=\"padding-left: 40px;\"><span style=\"font-weight: 400;\">(2011): <\/span><i><span style=\"font-weight: 400;\">Epistolario in\u00e9dito sobre Miguel Hern\u00e1ndez (1961-1971) entre Dario Puccini y Josefina Manresa<\/span><\/i><span style=\"font-weight: 400;\">, Ediciones Espuela de Plata, Sevilla.<\/span><\/p>\n<p><span style=\"font-weight: 400;\">Moreno, C\u00e9sar (2005): <\/span><i><span style=\"font-weight: 400;\">Apuntes para el retrato de una amistad. Manuel Altolaguirre &amp; Miguel Hern\u00e1ndez<\/span><\/i><span style=\"font-weight: 400;\">, Mosc\u00fa-Orihuela, Fundaci\u00f3n Cultural Miguel Hern\u00e1ndez.<\/span><\/p>\n<p><span style=\"font-weight: 400;\">Moreno, \u00d3scar (2005): <\/span><i><span style=\"font-weight: 400;\">Miguel Hern\u00e1ndez y la m\u00fasica<\/span><\/i><span style=\"font-weight: 400;\">, Mosc\u00fa-Orihuela, Fundaci\u00f3n Cultural Miguel Hern\u00e1ndez.<\/span><\/p>\n<p><span style=\"font-weight: 400;\">Moreno, Rafael (2013): <\/span><i><span style=\"font-weight: 400;\">Perseguidos,<\/span><\/i><span style=\"font-weight: 400;\"> Huelva, Tecnografic.<\/span><\/p>\n<p><span style=\"font-weight: 400;\">Morla Lynch, Carlos (2008): <\/span><i><span style=\"font-weight: 400;\">Espa\u00f1a con Federico Garc\u00eda Lorca<\/span><\/i><span style=\"font-weight: 400;\">, Sevilla, Renacimiento.<\/span><\/p>\n<p><span style=\"font-weight: 400;\">Mu\u00f1oz Garrig\u00f3s, Jos\u00e9 (1970): \u00abEl Gallo Crisis\u00bb, en <\/span><i><span style=\"font-weight: 400;\">Revista del IEA <\/span><\/i><span style=\"font-weight: 400;\">(Instituto de Estudios Alicantinos), n\u00fam. 4, Alicante, agosto de 1970.<\/span><\/p>\n<p><span style=\"font-weight: 400;\">Mu\u00f1oz Hidalgo, Manuel (1977): <\/span><i><span style=\"font-weight: 400;\">C\u00f3mo fue Miguel Hern\u00e1ndez<\/span><\/i><span style=\"font-weight: 400;\">, Barcelona, Planeta.<\/span><\/p>\n<p><span style=\"font-weight: 400;\">Neruda, Pablo (1979): <\/span><i><span style=\"font-weight: 400;\">Confieso que he vivido<\/span><\/i><span style=\"font-weight: 400;\">, Barcelona, Ed. Argos Vergara.<\/span><\/p>\n<p style=\"padding-left: 40px;\"><span style=\"font-weight: 400;\">(1980): <\/span><i><span style=\"font-weight: 400;\">Para nacer he nacido<\/span><\/i><span style=\"font-weight: 400;\">, Barcelona, Ed. Bruguera.<\/span><\/p>\n<p><span style=\"font-weight: 400;\">Onta\u00f1\u00f3n, Santiago (1988): <\/span><i><span style=\"font-weight: 400;\">Unos pocos amigos verdaderos<\/span><\/i><span style=\"font-weight: 400;\">, Fundaci\u00f3n Banco Exterior, Madrid.<\/span><\/p>\n<p><span style=\"font-weight: 400;\">Parra Pozuelo, Manuel (2010): <\/span><i><span style=\"font-weight: 400;\">Miguel Hern\u00e1ndez: una nueva visi\u00f3n<\/span><\/i><span style=\"font-weight: 400;\">, Madrid, Nostrum.<\/span><\/p>\n<p><span style=\"font-weight: 400;\">Peral, Gaspar (2012): <\/span><i><span style=\"font-weight: 400;\">Archivo Miguel Hern\u00e1ndez de Gaspar Peral<\/span><\/i><span style=\"font-weight: 400;\">, Alicante, Instituto Alicantino de Cultura Juan Gil-Albert.<\/span><\/p>\n<p><span style=\"font-weight: 400;\">P\u00e9rez \u00c1lvarez, Ram\u00f3n (2003): <\/span><i><span style=\"font-weight: 400;\">Hacia Miguel Hern\u00e1ndez<\/span><\/i><span style=\"font-weight: 400;\">, Orihuela, Fundaci\u00f3n Cultural Miguel Hern\u00e1ndez\/Ediciones Empireuma.<\/span><\/p>\n<p><span style=\"font-weight: 400;\">Poveda, Jes\u00fas (1975): <\/span><i><span style=\"font-weight: 400;\">Vida, pasi\u00f3n y muerte de un poeta: Miguel Hern\u00e1ndez<\/span><\/i><span style=\"font-weight: 400;\">. Memoria-Testimonio, M\u00e9xico, Ed. Oasis.<\/span><\/p>\n<p><span style=\"font-weight: 400;\">Prieto de Paula, \u00c1ngel L. (2021): <\/span><i><span style=\"font-weight: 400;\">La poes\u00eda espa\u00f1ola. De la II Rep\u00fablica a la Transici\u00f3n<\/span><\/i><span style=\"font-weight: 400;\">, Alicante, Universidad de Alicante.<\/span><\/p>\n<p><span style=\"font-weight: 400;\">Puccini, Dario (1987): <\/span><i><span style=\"font-weight: 400;\">Miguel Hern\u00e1ndez; vida y poes\u00eda y otros estudios hernandianos<\/span><\/i><span style=\"font-weight: 400;\">, Alicante, Instituto de Cultura Juan Gil-Albert.<\/span><\/p>\n<p><span style=\"font-weight: 400;\">Puerto, Jos\u00e9 Luis (2010): <\/span><i><span style=\"font-weight: 400;\">Miguel Hern\u00e1ndez en las Misiones Pedag\u00f3gicas<\/span><\/i><span style=\"font-weight: 400;\">, Le\u00f3n, Instituto Castellano y Leon\u00e9s de la Lengua, Beltenebros Minor.<\/span><\/p>\n<p><span style=\"font-weight: 400;\">Ramos, Vicente (1965): <\/span><i><span style=\"font-weight: 400;\">Literatura alicantina<\/span><\/i><span style=\"font-weight: 400;\">, Madrid-Barcelona, Alfaguara.<\/span><\/p>\n<p style=\"padding-left: 40px;\"><span style=\"font-weight: 400;\">(1973): <\/span><i><span style=\"font-weight: 400;\">Miguel Hern\u00e1ndez<\/span><\/i><span style=\"font-weight: 400;\">, Madrid, Gredos.<\/span><\/p>\n<p style=\"padding-left: 40px;\"><span style=\"font-weight: 400;\">(1973): <\/span><i><span style=\"font-weight: 400;\">La guerra civil en la provincia de Alicante, tomo I, II y III<\/span><\/i><span style=\"font-weight: 400;\">. Alicante, Ed. Biblioteca Alicantina.<\/span><\/p>\n<p><span style=\"font-weight: 400;\">Riquelme, Jesucristo (1990): <\/span><i><span style=\"font-weight: 400;\">El auto sacramental de Miguel Hern\u00e1ndez<\/span><\/i><span style=\"font-weight: 400;\">, T\u00e9cnica Gr\u00e1fica, Alicante.<\/span><\/p>\n<p style=\"padding-left: 40px;\"><i><span style=\"font-weight: 400;\">El teatro de Miguel Hern\u00e1ndez (Las tragedias de patrono entre el drama aleg\u00f3rico y las piezas b\u00e9licas)<\/span><\/i><span style=\"font-weight: 400;\">, Alicante, Instituto de Cultura Juan Gil-Albert, 1990.<\/span><\/p>\n<p style=\"padding-left: 40px;\"><span style=\"font-weight: 400;\">(2012): <\/span><i><span style=\"font-weight: 400;\">Miguel Hern\u00e1ndez. Obra exenta<\/span><\/i><span style=\"font-weight: 400;\">, Edaf, Madrid.<\/span><\/p>\n<p style=\"padding-left: 40px;\"><span style=\"font-weight: 400;\">(2015): <\/span><i><span style=\"font-weight: 400;\">De nobel a novel. Epistolario in\u00e9dito de Vicente Aleixandre a Miguel Hern\u00e1ndez y Josefina Manresa<\/span><\/i><span style=\"font-weight: 400;\">, Edic. de J. Riquelme, Espasa, Madrid.<\/span><\/p>\n<p style=\"padding-left: 40px;\"><span style=\"font-weight: 400;\">(2019): <\/span><i><span style=\"font-weight: 400;\">Epistolario general de Miguel Hern\u00e1ndez<\/span><\/i><span style=\"font-weight: 400;\">, Madrid.<\/span><\/p>\n<p><span style=\"font-weight: 400;\">R\u00edos Carratal\u00e1, J.A. (2015): <\/span><i><span style=\"font-weight: 400;\">Nos vemos en Chicote. Im\u00e1genes del cinismo y el silencio en la cultura franquista<\/span><\/i><span style=\"font-weight: 400;\">, Sevilla, Renacimiento.<\/span><\/p>\n<p style=\"padding-left: 40px;\"><span style=\"font-weight: 400;\">(2022): \u00abEstudio hist\u00f3rico\u00bb, en <\/span><i><span style=\"font-weight: 400;\">Los consejos de guerra de Miguel Hern\u00e1ndez<\/span><\/i><span style=\"font-weight: 400;\">, Madrid, Ministerio de Defensa-Universidad de Alicante.<\/span><\/p>\n<p><span style=\"font-weight: 400;\">Rizza, Maria Dalla (2005): <\/span><i><span style=\"font-weight: 400;\">Miguel Hern\u00e1ndez. Estudio biogr\u00e1fico<\/span><\/i><span style=\"font-weight: 400;\">. Universit\u00e0 degli Studi di Padova. Facolt\u00e0 di Lettere e Filosofia. Dipartimento di Romanistica. Anno Accademico 2004-2005.<\/span><\/p>\n<p><span style=\"font-weight: 400;\">Rodr\u00edguez, Claudio (1992): <\/span><i><span style=\"font-weight: 400;\">Poes\u00eda como participaci\u00f3n: hacia Miguel Hern\u00e1ndez<\/span><\/i><span style=\"font-weight: 400;\">, Zamora, Imprenta Ra\u00fal-Ayuntamiento de Zamora.<\/span><\/p>\n<p><span style=\"font-weight: 400;\">Romero, Elvio (1958): <\/span><i><span style=\"font-weight: 400;\">Miguel Hern\u00e1ndez. Destino y poes\u00eda<\/span><\/i><span style=\"font-weight: 400;\">, Buenos Aires, Losada.<\/span><\/p>\n<p><span style=\"font-weight: 400;\">Romero P\u00e9rez, Diego (1992): <\/span><i><span style=\"font-weight: 400;\">Miguel Hern\u00e1ndez en mi recuerdo<\/span><\/i><span style=\"font-weight: 400;\">, Imprenta SAND, Camas (Sevilla).<\/span><\/p>\n<p><span style=\"font-weight: 400;\">Rovira, Jos\u00e9 Carlos (1976): <\/span><i><span style=\"font-weight: 400;\">Cancionero y Romancero de Ausencias de Miguel Hern\u00e1ndez. Aproximaci\u00f3n cr\u00edtica<\/span><\/i><span style=\"font-weight: 400;\">, Instituto de Estudios Alicantinos, Alicante.<\/span><\/p>\n<p style=\"padding-left: 40px;\"><span style=\"font-weight: 400;\">(1983): <\/span><i><span style=\"font-weight: 400;\">L\u00e9xico y creaci\u00f3n po\u00e9tica en Miguel Hern\u00e1ndez (Estudio del uso de un vocabulario)<\/span><\/i><span style=\"font-weight: 400;\">, Alicante, Universidad de Alicanbte \/ Caja de Ahorros Provincial de Alicante.\u00a0<\/span><\/p>\n<p style=\"padding-left: 40px;\"><span style=\"font-weight: 400;\">(1985) <\/span><i><span style=\"font-weight: 400;\">Cuaderno del Cancionero y romancero de ausencias (facs\u00edmil)<\/span><\/i><span style=\"font-weight: 400;\">, Instituto de Estudios Juan Gil-Albert, Alicante, 1985.\u00a0<\/span><\/p>\n<p style=\"padding-left: 40px;\"><span style=\"font-weight: 400;\">(1988): <\/span><i><span style=\"font-weight: 400;\">\u00daltimas ausencias para un ni\u00f1o. Algunas notas a dos cuentos traducidos por Miguel Hern\u00e1ndez<\/span><\/i><span style=\"font-weight: 400;\">, Madrid, Palas Atenea.\u00a0<\/span><\/p>\n<p style=\"padding-left: 40px;\"><span style=\"font-weight: 400;\">(2010) (edit.): <\/span><i><span style=\"font-weight: 400;\">Miguel Hern\u00e1ndez. La sombra vencida (1910-2019)<\/span><\/i><span style=\"font-weight: 400;\">, Tomo I, Ministerio de Cultura, Madrid.<\/span><\/p>\n<p style=\"padding-left: 40px;\"><span style=\"font-weight: 400;\">(2020): <\/span><i><span style=\"font-weight: 400;\">El taller literario de Miguel Hern\u00e1ndez (Entre los cl\u00e1sicos y la vanguardia)<\/span><\/i><span style=\"font-weight: 400;\">, Ja\u00e9n, Editorial Universidad de Ja\u00e9n.\u00a0<\/span><\/p>\n<p><span style=\"font-weight: 400;\">Rubio Paredes, Jos\u00e9 Mar\u00eda (1998): \u00abLa correspondencia epistolar entre Miguel Hern\u00e1ndez y Mar\u00eda Cergarra\u00bb revista <\/span><i><span style=\"font-weight: 400;\">MVRGETANA<\/span><\/i><span style=\"font-weight: 400;\">, n\u00fam. 97, Murcia, Real Academia Alfonso el Sabio.\u00a0<\/span><\/p>\n<p><span style=\"font-weight: 400;\">S\u00e1nchez, Alberto (1975): \u00abMi recuerdo de Miguel Hern\u00e1ndez\u00bb en <\/span><i><span style=\"font-weight: 400;\">Miguel Hern\u00e1ndez<\/span><\/i><span style=\"font-weight: 400;\">, Madrid, Taurus, colecci\u00f3n <\/span><i><span style=\"font-weight: 400;\">El escritor y la cr\u00edtica<\/span><\/i><span style=\"font-weight: 400;\">, edic. de Mar\u00eda de Gracia Ifach, Madrid.<\/span><\/p>\n<p><span style=\"font-weight: 400;\">S\u00e1nchez Recio, Glicerio, y VV.AA. (1991): <\/span><i><span style=\"font-weight: 400;\">Guerra Civil y franquismo en Alicante<\/span><\/i><span style=\"font-weight: 400;\">, Alicante, Instituto de Cultura Juan Gil-Albert.<\/span><\/p>\n<p><span style=\"font-weight: 400;\">S\u00e1nchez Vidal, Agust\u00edn (1976): <\/span><i><span style=\"font-weight: 400;\">Miguel Hern\u00e1ndez en la encrucijada<\/span><\/i><span style=\"font-weight: 400;\">, Madrid, Edicusa.<\/span><\/p>\n<p style=\"padding-left: 40px;\"><span style=\"font-weight: 400;\">(1992): <\/span><i><span style=\"font-weight: 400;\">Miguel Hern\u00e1ndez, desamordazado y regresado<\/span><\/i><span style=\"font-weight: 400;\">, Barcelona, Planeta.<\/span><\/p>\n<p><span style=\"font-weight: 400;\">Sorell, Andr\u00e9s (2010): <\/span><i><span style=\"font-weight: 400;\">Miguel Hern\u00e1ndez: memoria humana<\/span><\/i><span style=\"font-weight: 400;\">, Madrid, Ediciones Vitrubio, 2010.<\/span><\/p>\n<p><span style=\"font-weight: 400;\">Thassio, Augusto (2020): <\/span><i><span style=\"font-weight: 400;\">Miguel Hern\u00e1ndez. Su perdici\u00f3n encontrada<\/span><\/i><span style=\"font-weight: 400;\">, Ja\u00e9n, Fundaci\u00f3n Legado Literario Miguel Hern\u00e1ndez. Diputaci\u00f3n de Ja\u00e9n.<\/span><\/p>\n<p><span style=\"font-weight: 400;\">Umbral, Francisco (1996): <\/span><i><span style=\"font-weight: 400;\">Las palabras de la tribu<\/span><\/i><span style=\"font-weight: 400;\">, Barcelona, Planeta.<\/span><\/p>\n<p><span style=\"font-weight: 400;\">VV.AA. (1993): <\/span><i><span style=\"font-weight: 400;\">Miguel Hern\u00e1ndez, cincuenta a\u00f1os despu\u00e9s<\/span><\/i><span style=\"font-weight: 400;\">. Actas del I Congreso Internacional, Alicante, Comisi\u00f3n del Homenaje a Miguel Hern\u00e1ndez.<\/span><\/p>\n<p style=\"padding-left: 40px;\"><span style=\"font-weight: 400;\">(2004): <\/span><i><span style=\"font-weight: 400;\">Presente y futuro de Miguel Hern\u00e1ndez<\/span><\/i><span style=\"font-weight: 400;\">. Actas del II Congreso Internacional Miguel Hern\u00e1ndez, Orihuela, Fundaci\u00f3n Cultural Miguel Hern\u00e1ndez.<\/span><\/p>\n<p style=\"padding-left: 40px;\"><span style=\"font-weight: 400;\">(2008): <\/span><i><span style=\"font-weight: 400;\">Miguel <\/span><\/i><span style=\"font-weight: 400;\">Hern\u00e1ndez. <\/span><i><span style=\"font-weight: 400;\">Una nueva visi\u00f3n de su creaci\u00f3n po\u00e9tica<\/span><\/i><span style=\"font-weight: 400;\">, <\/span><i><span style=\"font-weight: 400;\">Anthropos<\/span><\/i><span style=\"font-weight: 400;\">, n\u00famero 220, Barcelona.<\/span><\/p>\n<p style=\"padding-left: 40px;\"><span style=\"font-weight: 400;\">(2010): <\/span><i><span style=\"font-weight: 400;\">Homenaje a Miguel Hern\u00e1ndez<\/span><\/i><span style=\"font-weight: 400;\">, <\/span><i><span style=\"font-weight: 400;\">Letras de Deusto<\/span><\/i><span style=\"font-weight: 400;\">, n\u00famero 126 (Vol. 40), Bilbao, Universidad de Deusto, enero-marzo 2010.<\/span><\/p>\n<p style=\"padding-left: 40px;\"><span style=\"font-weight: 400;\">(2010): <\/span><i><span style=\"font-weight: 400;\">Un c\u00f3smico temblor de escalofr\u00edo. Estudios sobre Miguel Hern\u00e1ndez<\/span><\/i><span style=\"font-weight: 400;\">, Edic. de Francisco J. D\u00edez de Revenga y Mariano de Paco, Murcia, Fundaci\u00f3n CajaMurcia.<\/span><\/p>\n<p style=\"padding-left: 40px;\"><span style=\"font-weight: 400;\">(2010): <\/span><i><span style=\"font-weight: 400;\">Miguel Hern\u00e1ndez<\/span><\/i><span style=\"font-weight: 400;\">, <\/span><i><span style=\"font-weight: 400;\">Canelobre<\/span><\/i><span style=\"font-weight: 400;\">, n\u00famero 56, Instituto Alicantino de Cultura Juan Gil-Albert, Alicante, invierno 2009-2010.<\/span><\/p>\n<p style=\"padding-left: 40px;\"><span style=\"font-weight: 400;\">(2010): <\/span><i><span style=\"font-weight: 400;\">Miguel Hern\u00e1ndez. La sombra vencida (1910-2019)<\/span><\/i><span style=\"font-weight: 400;\">, Tomo I y II, Ministerio de Cultura, Madrid.<\/span><\/p>\n<p style=\"padding-left: 40px;\"><span style=\"font-weight: 400;\">(2011): <\/span><i><span style=\"font-weight: 400;\">Literatura y compromiso: Federico Garc\u00eda Lorca y Miguel Hern\u00e1ndez<\/span><\/i><span style=\"font-weight: 400;\">, Remedios S\u00e1nchez Garc\u00eda y Ram\u00f3n Mart\u00ednez L\u00f3pez (coords.), Madrid, Visor.<\/span><\/p>\n<p style=\"padding-left: 40px;\"><span style=\"font-weight: 400;\">(2012): <\/span><i><span style=\"font-weight: 400;\">Miguel Hern\u00e1ndez \/ 1910-2010<\/span><\/i><span style=\"font-weight: 400;\">, Actas del III Congreso Internacional, edic. de Carmen Alemany Bay, M.A. Auladell P\u00e9rez y Jos\u00e9 Luis Ferris, Alicante, Instituto Alicantino de Cultura Juan Gil-Albert.<\/span><\/p>\n<p style=\"padding-left: 40px;\"><span style=\"font-weight: 400;\">(2019): <\/span><i><span style=\"font-weight: 400;\">Miguel Hern\u00e1ndez. Poeta en el mundo<\/span><\/i><span style=\"font-weight: 400;\">, Actas del IV Congreso Internacional, Edic. de Jos\u00e9 Ferr\u00e1ndiz Lozano, Jos\u00e9 Luis Ferris, Aitor L. Larrabide y Eva Valero, Alicante, Instituto Alicantino de Cultura Juan Gil-Albert.<\/span><\/p>\n<p><span style=\"font-weight: 400;\">Zambrano, Mar\u00eda (1984): \u00abPresencia de Miguel Hern\u00e1ndez\u00bb, en <\/span><i><span style=\"font-weight: 400;\">Andaluc\u00eda, sue\u00f1o y realidad<\/span><\/i><span style=\"font-weight: 400;\">, Granada, Editoriales Andaluzas Unidas. Biblioteca de Cultura Andaluza, Volumen 8.\u00a0<\/span><\/p>\n<p><span style=\"font-weight: 400;\">Zardoya, Concha (1955): <\/span><i><span style=\"font-weight: 400;\">Miguel Hern\u00e1ndez (1910-1942). Vida y obra. Bibliograf\u00eda. Antolog\u00eda<\/span><\/i><span style=\"font-weight: 400;\">, Nueva York, Hispanic Institute in the United States.<\/span><\/p>\n<p>[\/et_pb_text][\/et_pb_column][\/et_pb_row][\/et_pb_section]<\/p>\n","protected":false},"excerpt":{"rendered":"<p>BIBLIOGRAF\u00cdA DESTACADA SOBRE EL POETAAcereda, Alberto (1995): El lenguaje po\u00e9tico de Miguel Hern\u00e1ndez (El rayo que no cesa), Madrid, Pliegos. Alarc\u00f3n Sierra, Rafael (Ed.) (2020): Ja\u00e9n 1936-1939: capital andaluza de la Rep\u00fablica de las Letras, Ja\u00e9n, Editorial Universidad de Ja\u00e9n. Aleixandre, Vicente (1958): Los encuentros, Madrid, Ed. Guadarrama. (2015): De nobel a novel. Epistolario in\u00e9dito [&hellip;]<\/p>\n","protected":false},"author":23459,"featured_media":0,"parent":0,"menu_order":0,"comment_status":"closed","ping_status":"closed","template":"","meta":{"_et_pb_use_builder":"on","_et_pb_old_content":"","_et_gb_content_width":"","_links_to":"","_links_to_target":""},"_links":{"self":[{"href":"https:\/\/catedramiguelhernandez.umh.es\/ca\/wp-json\/wp\/v2\/pages\/297"}],"collection":[{"href":"https:\/\/catedramiguelhernandez.umh.es\/ca\/wp-json\/wp\/v2\/pages"}],"about":[{"href":"https:\/\/catedramiguelhernandez.umh.es\/ca\/wp-json\/wp\/v2\/types\/page"}],"author":[{"embeddable":true,"href":"https:\/\/catedramiguelhernandez.umh.es\/ca\/wp-json\/wp\/v2\/users\/23459"}],"replies":[{"embeddable":true,"href":"https:\/\/catedramiguelhernandez.umh.es\/ca\/wp-json\/wp\/v2\/comments?post=297"}],"version-history":[{"count":0,"href":"https:\/\/catedramiguelhernandez.umh.es\/ca\/wp-json\/wp\/v2\/pages\/297\/revisions"}],"wp:attachment":[{"href":"https:\/\/catedramiguelhernandez.umh.es\/ca\/wp-json\/wp\/v2\/media?parent=297"}],"curies":[{"name":"wp","href":"https:\/\/api.w.org\/{rel}","templated":true}]}}