{"id":304,"date":"2023-02-15T12:22:35","date_gmt":"2023-02-15T11:22:35","guid":{"rendered":"https:\/\/catedramiguelhernandez.umh.es\/?page_id=304"},"modified":"2023-03-01T13:52:57","modified_gmt":"2023-03-01T12:52:57","slug":"obra-de-miguel-hernandez","status":"publish","type":"page","link":"https:\/\/catedramiguelhernandez.umh.es\/ca\/obra-de-miguel-hernandez\/","title":{"rendered":"<span lang=\"es\">(Espa\u00f1ol) Obra de Miguel Hern\u00e1ndez<\/span>"},"content":{"rendered":"<p>[et_pb_section fb_built=&#8221;1&#8243; _builder_version=&#8221;4.17.4&#8243; _module_preset=&#8221;default&#8221; global_colors_info=&#8221;{}&#8221;][et_pb_row _builder_version=&#8221;4.16&#8243; custom_margin=&#8221;-48px|auto||auto||&#8221; custom_padding=&#8221;||43px|||&#8221; locked=&#8221;off&#8221; global_colors_info=&#8221;{}&#8221;][et_pb_column type=&#8221;4_4&#8243; _builder_version=&#8221;4.16&#8243; global_colors_info=&#8221;{}&#8221;][et_pb_text _builder_version=&#8221;4.17.4&#8243; _module_preset=&#8221;default&#8221; header_font=&#8221;|700|||||||&#8221; header_text_color=&#8221;#000000&#8243; global_colors_info=&#8221;{}&#8221;]<\/p>\n<h1>OBRA DE MIGUEL HERN\u00c1NDEZ<\/h1>\n<p>[\/et_pb_text][\/et_pb_column][\/et_pb_row][et_pb_row _builder_version=&#8221;4.16&#8243; custom_margin=&#8221;-48px|auto||auto||&#8221; custom_padding=&#8221;||43px|||&#8221; global_colors_info=&#8221;{}&#8221; locked=&#8221;off&#8221;][et_pb_column type=&#8221;4_4&#8243; _builder_version=&#8221;4.16&#8243; global_colors_info=&#8221;{}&#8221;][et_pb_text _builder_version=&#8221;4.17.4&#8243; _module_preset=&#8221;default&#8221; header_2_font=&#8221;|600|||||||&#8221; header_2_text_color=&#8221;#000000&#8243; hover_enabled=&#8221;0&#8243; border_width_bottom=&#8221;3px&#8221; border_color_bottom=&#8221;#651906&#8243; global_colors_info=&#8221;{}&#8221; sticky_enabled=&#8221;0&#8243;]<\/p>\n<h2>Poes\u00eda<\/h2>\n<p>[\/et_pb_text][et_pb_text _builder_version=&#8221;4.17.4&#8243; _module_preset=&#8221;default&#8221; text_text_color=&#8221;#000000&#8243; text_font_size=&#8221;16px&#8221; custom_margin=&#8221;||0px||false|false&#8221; hover_enabled=&#8221;0&#8243; global_colors_info=&#8221;{}&#8221; sticky_enabled=&#8221;0&#8243;]<\/p>\n<ul>\n<li style=\"list-style-type: none;\">\n<ul>\n<li><i><span style=\"font-weight: 400;\">Perito en lunas<\/span><\/i><span style=\"font-weight: 400;\">, Murcia, La Verdad, Col. Sudeste, 1933 (Pr\u00f3logo de Ram\u00f3n Sij\u00e9).<\/span><\/li>\n<li><i><span style=\"font-weight: 400;\">El rayo que no cesa<\/span><\/i><span style=\"font-weight: 400;\">, Madrid, H\u00e9roe, 1936.<\/span><\/li>\n<li><i><span style=\"font-weight: 400;\">Viento del pueblo<\/span><\/i><span style=\"font-weight: 400;\">, Valencia, Socorro Rojo Internacional, 1937 (Pr\u00f3logo de Tom\u00e1s Navarro Tom\u00e1s).<\/span><\/li>\n<li><i><span style=\"font-weight: 400;\">El hombre acecha<\/span><\/i><span style=\"font-weight: 400;\"> (1937-1938), Diputaci\u00f3n de Santander, Cantabria, 1981. Primera edici\u00f3n secuestrada en imprenta en 1939 y nunca publicada.<\/span><\/li>\n<li><i><span style=\"font-weight: 400;\">Cancionero y romancero de ausencias<\/span><\/i><span style=\"font-weight: 400;\"> (1938-1941), Buenos Aires, Lautaro, 1958 (Pr\u00f3logo de Elvio Romero).<\/span><\/li>\n<\/ul>\n<\/li>\n<\/ul>\n<p>[\/et_pb_text][et_pb_text _builder_version=&#8221;4.17.4&#8243; _module_preset=&#8221;default&#8221; header_2_font=&#8221;|600|||||||&#8221; header_2_text_color=&#8221;#000000&#8243; hover_enabled=&#8221;0&#8243; border_width_bottom=&#8221;3px&#8221; border_color_bottom=&#8221;#651906&#8243; global_colors_info=&#8221;{}&#8221; sticky_enabled=&#8221;0&#8243;]<\/p>\n<h2>Teatro<\/h2>\n<p>[\/et_pb_text][et_pb_text _builder_version=&#8221;4.17.4&#8243; _module_preset=&#8221;default&#8221; text_text_color=&#8221;#000000&#8243; text_font_size=&#8221;16px&#8221; custom_margin=&#8221;||0px||false|false&#8221; hover_enabled=&#8221;0&#8243; global_colors_info=&#8221;{}&#8221; sticky_enabled=&#8221;0&#8243;]<\/p>\n<ul>\n<li style=\"list-style-type: none;\">\n<ul>\n<li><i><span style=\"font-weight: 400;\">Qui\u00e9n te ha visto y quien te ve y sombra de lo que eras<\/span><\/i><span style=\"font-weight: 400;\">, 1933.<\/span><\/li>\n<li><i><span style=\"font-weight: 400;\">El torero m\u00e1s valiente<\/span><\/i><span style=\"font-weight: 400;\">, 1934.<\/span><\/li>\n<li><i><span style=\"font-weight: 400;\">Los hijos de la piedra<\/span><\/i><span style=\"font-weight: 400;\">, 1935.<\/span><\/li>\n<li><i><span style=\"font-weight: 400;\">El labrador de m\u00e1s aire<\/span><\/i><span style=\"font-weight: 400;\">, Madrid &#8211; Valencia, Nuestro Pueblo, 1937.<\/span><\/li>\n<li><i><span style=\"font-weight: 400;\">Teatro en la guerra<\/span><\/i><span style=\"font-weight: 400;\">, 1937.<\/span><\/li>\n<\/ul>\n<\/li>\n<\/ul>\n<p>[\/et_pb_text][et_pb_text _builder_version=&#8221;4.17.4&#8243; _module_preset=&#8221;default&#8221; header_2_font=&#8221;|600|||||||&#8221; header_2_text_color=&#8221;#000000&#8243; border_width_bottom=&#8221;3px&#8221; border_color_bottom=&#8221;#651906&#8243; global_colors_info=&#8221;{}&#8221;]<\/p>\n<h2>Antolog\u00edas<\/h2>\n<p>[\/et_pb_text][et_pb_text _builder_version=&#8221;4.17.4&#8243; _module_preset=&#8221;default&#8221; text_text_color=&#8221;#000000&#8243; text_font_size=&#8221;16px&#8221; hover_enabled=&#8221;0&#8243; global_colors_info=&#8221;{}&#8221; sticky_enabled=&#8221;0&#8243; custom_margin=&#8221;||0px||false|false&#8221;]<\/p>\n<ul>\n<li style=\"list-style-type: none;\">\n<ul>\n<li><i><span style=\"font-weight: 400;\">Seis poemas in\u00e9ditos y nueve m\u00e1s<\/span><\/i><span style=\"font-weight: 400;\">, Alicante, Col. Ifach, 1951.<\/span><\/li>\n<li><i><span style=\"font-weight: 400;\">Obra escogida<\/span><\/i><span style=\"font-weight: 400;\">, Madrid, Aguilar, 1952.<\/span><\/li>\n<li><i><span style=\"font-weight: 400;\">Antolog\u00eda<\/span><\/i><span style=\"font-weight: 400;\">, Buenos Aires, Losada, 1960 (selec. y pr\u00f3logo de Mar\u00eda de Gracia Ifach).<\/span><\/li>\n<li><i><span style=\"font-weight: 400;\">Obras completas<\/span><\/i><span style=\"font-weight: 400;\">, Buenos Aires, Losada, 1960 (ordenada por Elvio Romero y prologada por M\u00aa de Gracia Ifach).<\/span><\/li>\n<li><i><span style=\"font-weight: 400;\">Obra po\u00e9tica completa<\/span><\/i><span style=\"font-weight: 400;\">, Madrid, Zero, 1979 (introducci\u00f3n, estudio y notas de Leopoldo de Luis y Jorge Urrutia).<\/span><\/li>\n<li><i><span style=\"font-weight: 400;\">24 sonetos in\u00e9ditos<\/span><\/i><span style=\"font-weight: 400;\">, Alicante, Instituto de estudios Juan Gil-Albert, 1986 (edici\u00f3n de Jos\u00e9 Carlos Rovira).<\/span><\/li>\n<li><i><span style=\"font-weight: 400;\">Obra completa<\/span><\/i><span style=\"font-weight: 400;\">, 2 vols., Madrid, Espasa Calpe, 1992.<\/span><\/li>\n<li><i><span style=\"font-weight: 400;\">Antolog\u00eda po\u00e9tica<\/span><\/i><span style=\"font-weight: 400;\">, ed. cr\u00edtica de Agust\u00edn S\u00e1nchez Vidal, Barcelona, Vicens-Vives, 1993.<\/span><\/li>\n<li><i><span style=\"font-weight: 400;\">Antolog\u00eda po\u00e9tica<\/span><\/i><span style=\"font-weight: 400;\">, ed. cr\u00edtica de Jos\u00e9 Luis Ferris, Madrid, Espasa-Calpe, 2000.<\/span><\/li>\n<li><i><span style=\"font-weight: 400;\">Antolog\u00eda po\u00e9tica comentada<\/span><\/i><span style=\"font-weight: 400;\">, ed. de Francisco Esteve y Jesucristo Riquelme, Madrid, Ediciones de la Torre, 2002.<\/span><\/li>\n<li><i><span style=\"font-weight: 400;\">Obra completa<\/span><\/i><span style=\"font-weight: 400;\">. 2 vols., S.L.U. Espasa Libros, Madrid, 2010.<\/span><\/li>\n<li><i><span style=\"font-weight: 400;\">La obra completa de Miguel Hern\u00e1ndez<\/span><\/i><span style=\"font-weight: 400;\">, ed. cr\u00edtica de Jesucristo Riquelme, Madrid: Edaf, 2017.<\/span><\/li>\n<li><i><span style=\"font-weight: 400;\">Cien poemas de amor, <\/span><\/i><span style=\"font-weight: 400;\">ed. (selecci\u00f3n y estudio) de Jos\u00e9 Luis Ferris, Ja\u00e9n, Instituto de Estudios Giennenses, 2022.<\/span><\/li>\n<\/ul>\n<\/li>\n<\/ul>\n<p>[\/et_pb_text][et_pb_text _builder_version=&#8221;4.17.4&#8243; _module_preset=&#8221;default&#8221; header_2_font=&#8221;|600|||||||&#8221; header_2_text_color=&#8221;#000000&#8243; hover_enabled=&#8221;0&#8243; border_width_bottom=&#8221;3px&#8221; border_color_bottom=&#8221;#651906&#8243; global_colors_info=&#8221;{}&#8221; sticky_enabled=&#8221;0&#8243;]<\/p>\n<h2>Epistolario<\/h2>\n<p>[\/et_pb_text][et_pb_text _builder_version=&#8221;4.17.4&#8243; _module_preset=&#8221;default&#8221; text_text_color=&#8221;#000000&#8243; text_font_size=&#8221;16px&#8221; hover_enabled=&#8221;0&#8243; global_colors_info=&#8221;{}&#8221; sticky_enabled=&#8221;0&#8243;]<\/p>\n<ul>\n<li style=\"list-style-type: none;\">\n<ul>\n<li><i><span style=\"font-weight: 400;\">Cartas de Miguel Hern\u00e1ndez a Josefina Manresa<\/span><\/i><span style=\"font-weight: 400;\">, edici\u00f3n de M.\u00aa Paz Hern\u00e1ndez Egido, Elche, Ed. Ayuntamiento de Elche, 2011.<\/span><\/li>\n<li><i><span style=\"font-weight: 400;\">Epistolario general de Miguel Hern\u00e1ndez<\/span><\/i><span style=\"font-weight: 400;\">, edici\u00f3n de Jesucristo Riquelme Pomares y C. R. Talam\u00e1s, Madrid, Edaf, 2019.<\/span><\/li>\n<\/ul>\n<\/li>\n<\/ul>\n<p>[\/et_pb_text][\/et_pb_column][\/et_pb_row][\/et_pb_section]<\/p>\n","protected":false},"excerpt":{"rendered":"<p>OBRA DE MIGUEL HERN\u00c1NDEZPoes\u00eda Perito en lunas, Murcia, La Verdad, Col. Sudeste, 1933 (Pr\u00f3logo de Ram\u00f3n Sij\u00e9). El rayo que no cesa, Madrid, H\u00e9roe, 1936. Viento del pueblo, Valencia, Socorro Rojo Internacional, 1937 (Pr\u00f3logo de Tom\u00e1s Navarro Tom\u00e1s). El hombre acecha (1937-1938), Diputaci\u00f3n de Santander, Cantabria, 1981. Primera edici\u00f3n secuestrada en imprenta en 1939 y [&hellip;]<\/p>\n","protected":false},"author":23459,"featured_media":0,"parent":0,"menu_order":0,"comment_status":"closed","ping_status":"closed","template":"","meta":{"_et_pb_use_builder":"on","_et_pb_old_content":"","_et_gb_content_width":"","_links_to":"","_links_to_target":""},"_links":{"self":[{"href":"https:\/\/catedramiguelhernandez.umh.es\/ca\/wp-json\/wp\/v2\/pages\/304"}],"collection":[{"href":"https:\/\/catedramiguelhernandez.umh.es\/ca\/wp-json\/wp\/v2\/pages"}],"about":[{"href":"https:\/\/catedramiguelhernandez.umh.es\/ca\/wp-json\/wp\/v2\/types\/page"}],"author":[{"embeddable":true,"href":"https:\/\/catedramiguelhernandez.umh.es\/ca\/wp-json\/wp\/v2\/users\/23459"}],"replies":[{"embeddable":true,"href":"https:\/\/catedramiguelhernandez.umh.es\/ca\/wp-json\/wp\/v2\/comments?post=304"}],"version-history":[{"count":0,"href":"https:\/\/catedramiguelhernandez.umh.es\/ca\/wp-json\/wp\/v2\/pages\/304\/revisions"}],"wp:attachment":[{"href":"https:\/\/catedramiguelhernandez.umh.es\/ca\/wp-json\/wp\/v2\/media?parent=304"}],"curies":[{"name":"wp","href":"https:\/\/api.w.org\/{rel}","templated":true}]}}