{"id":258,"date":"2023-02-15T10:33:00","date_gmt":"2023-02-15T09:33:00","guid":{"rendered":"https:\/\/catedramiguelhernandez.umh.es\/?page_id=258"},"modified":"2023-03-01T13:13:34","modified_gmt":"2023-03-01T12:13:34","slug":"organigrama","status":"publish","type":"page","link":"https:\/\/catedramiguelhernandez.umh.es\/en\/organigrama\/","title":{"rendered":"<span lang=\"es\">(Espa\u00f1ol) Organigrama<\/span>"},"content":{"rendered":"<p>[et_pb_section fb_built=&#8221;1&#8243; admin_label=&#8221;section&#8221; _builder_version=&#8221;4.16&#8243; global_colors_info=&#8221;{}&#8221;][et_pb_row _builder_version=&#8221;4.16&#8243; global_colors_info=&#8221;{}&#8221;][et_pb_column type=&#8221;4_4&#8243; _builder_version=&#8221;4.16&#8243; global_colors_info=&#8221;{}&#8221;][et_pb_text _builder_version=&#8221;4.17.4&#8243; header_font=&#8221;|700|||||||&#8221; header_text_color=&#8221;#000000&#8243; text_orientation=&#8221;justified&#8221; hover_enabled=&#8221;0&#8243; global_colors_info=&#8221;{}&#8221; custom_margin=&#8221;||0px||false|false&#8221; sticky_enabled=&#8221;0&#8243;]<\/p>\n<h1>ORGANIGRAMA<\/h1>\n<p style=\"padding-left: 30px;\">[\/et_pb_text][\/et_pb_column][\/et_pb_row][\/et_pb_section][et_pb_section fb_built=&#8221;1&#8243; _builder_version=&#8221;4.16&#8243; custom_margin=&#8221;-76px|||||&#8221; global_colors_info=&#8221;{}&#8221;][et_pb_row _builder_version=&#8221;4.16&#8243; custom_margin=&#8221;-48px|auto||auto||&#8221; custom_padding=&#8221;||43px|||&#8221; global_colors_info=&#8221;{}&#8221;][et_pb_column type=&#8221;4_4&#8243; _builder_version=&#8221;4.16&#8243; global_colors_info=&#8221;{}&#8221;][et_pb_text _builder_version=&#8221;4.17.4&#8243; _module_preset=&#8221;default&#8221; header_2_font=&#8221;|600|||||||&#8221; header_2_text_color=&#8221;#000000&#8243; hover_enabled=&#8221;0&#8243; sticky_enabled=&#8221;0&#8243; border_width_bottom=&#8221;3px&#8221; border_color_bottom=&#8221;#651906&#8243;]<\/p>\n<h2>Director<\/h2>\n<p>[\/et_pb_text][et_pb_text _builder_version=&#8221;4.17.4&#8243; _module_preset=&#8221;default&#8221; text_text_color=&#8221;#000000&#8243; text_font_size=&#8221;16px&#8221; hover_enabled=&#8221;0&#8243; sticky_enabled=&#8221;0&#8243; custom_margin=&#8221;||0px||false|false&#8221;]<\/p>\n<ul>\n<li style=\"list-style-type: none;\">\n<ul>\n<li><strong>D. Jos\u00e9 Luis Vicente Ferris<\/strong>. Profesor de la Universidad Miguel Hern\u00e1ndez de Elche, escritor y especialista en la vida y en la obra de Miguel Hern\u00e1ndez.<\/li>\n<\/ul>\n<\/li>\n<\/ul>\n<p>[\/et_pb_text][et_pb_text _builder_version=&#8221;4.17.4&#8243; _module_preset=&#8221;default&#8221; header_2_font=&#8221;|600|||||||&#8221; header_2_text_color=&#8221;#000000&#8243; hover_enabled=&#8221;0&#8243; sticky_enabled=&#8221;0&#8243; border_width_bottom=&#8221;3px&#8221; border_color_bottom=&#8221;#651906&#8243;]<\/p>\n<h2>Secretario<\/h2>\n<p>[\/et_pb_text][et_pb_text _builder_version=&#8221;4.17.4&#8243; _module_preset=&#8221;default&#8221; text_text_color=&#8221;#000000&#8243; text_font_size=&#8221;16px&#8221; hover_enabled=&#8221;0&#8243; sticky_enabled=&#8221;0&#8243; custom_margin=&#8221;||0px||false|false&#8221;]<\/p>\n<ul>\n<li style=\"list-style-type: none;\">\n<ul>\n<li><strong>D. Aitor Luis Larrabide Ach\u00fategui. <\/strong>Director de la Fundaci\u00f3n Miguel Hern\u00e1ndez y especialista hernandiano.D. Jos\u00e9 Luis Vicente Ferris. Profesor de la Universidad Miguel Hern\u00e1ndez de Elche, escritor y especialista en la vida y en la obra de Miguel Hern\u00e1ndez.<\/li>\n<\/ul>\n<\/li>\n<\/ul>\n<p>[\/et_pb_text][et_pb_text _builder_version=&#8221;4.17.4&#8243; _module_preset=&#8221;default&#8221; header_2_font=&#8221;|600|||||||&#8221; header_2_text_color=&#8221;#000000&#8243; hover_enabled=&#8221;0&#8243; sticky_enabled=&#8221;0&#8243; border_width_bottom=&#8221;3px&#8221; border_color_bottom=&#8221;#651906&#8243;]<\/p>\n<h2>Consejeros<\/h2>\n<p>[\/et_pb_text][et_pb_text _builder_version=&#8221;4.17.4&#8243; _module_preset=&#8221;default&#8221; text_text_color=&#8221;#000000&#8243; text_font_size=&#8221;16px&#8221; hover_enabled=&#8221;0&#8243; sticky_enabled=&#8221;0&#8243;]<\/p>\n<ul>\n<li style=\"list-style-type: none;\">\n<ul>\n<li><strong>D. Francisco Esteve Ram\u00edrez. <\/strong>Catedr\u00e1tico jubilado de la Universidad Complutense de Madrid y Presidente de la Asociaci\u00f3n de Amigos de Miguel Hern\u00e1ndez.<\/li>\n<li><strong>D. Joaqu\u00edn Juan Penalva. <\/strong>Profesor Asociado de la UMH y de la UA, Doctor en Literatura por la Universidad de Alicante y especialista en literatura contempor\u00e1nea.<\/li>\n<li><strong>D. Juan Jos\u00e9 S\u00e1nchez Balaguer. <\/strong>Patrono de la Fundaci\u00f3n Cultural Miguel Hern\u00e1ndez.<\/li>\n<li><strong>D. Armando Migu\u00e9lez Mart\u00ednez.<\/strong> Educador e investigador de la cultura y literatura hispanounidenses.<\/li>\n<li><strong>D.\u00aa Carmen Alemany Bay. <\/strong>Catedr\u00e1tica de la Universidad de Alicante.<\/li>\n<li><strong>D.\u00aa Marga Ant\u00f3n Bonete. <\/strong>Concejala de Cultura, Archivo y Bibliotecas, Infraestructuras Culturales, Museos y Juventud de Elche.<\/li>\n<\/ul>\n<\/li>\n<\/ul>\n<p>[\/et_pb_text][\/et_pb_column][\/et_pb_row][\/et_pb_section]<\/p>\n","protected":false},"excerpt":{"rendered":"<p>ORGANIGRAMA Director D. Jos\u00e9 Luis Vicente Ferris. Profesor de la Universidad Miguel Hern\u00e1ndez de Elche, escritor y especialista en la vida y en la obra de Miguel Hern\u00e1ndez. Secretario D. Aitor Luis Larrabide Ach\u00fategui. Director de la Fundaci\u00f3n Miguel Hern\u00e1ndez y especialista hernandiano.D. Jos\u00e9 Luis Vicente Ferris. Profesor de la Universidad Miguel Hern\u00e1ndez de Elche, [&hellip;]<\/p>\n","protected":false},"author":23459,"featured_media":0,"parent":0,"menu_order":0,"comment_status":"closed","ping_status":"closed","template":"","meta":{"_et_pb_use_builder":"on","_et_pb_old_content":"","_et_gb_content_width":"","_links_to":"","_links_to_target":""},"_links":{"self":[{"href":"https:\/\/catedramiguelhernandez.umh.es\/en\/wp-json\/wp\/v2\/pages\/258"}],"collection":[{"href":"https:\/\/catedramiguelhernandez.umh.es\/en\/wp-json\/wp\/v2\/pages"}],"about":[{"href":"https:\/\/catedramiguelhernandez.umh.es\/en\/wp-json\/wp\/v2\/types\/page"}],"author":[{"embeddable":true,"href":"https:\/\/catedramiguelhernandez.umh.es\/en\/wp-json\/wp\/v2\/users\/23459"}],"replies":[{"embeddable":true,"href":"https:\/\/catedramiguelhernandez.umh.es\/en\/wp-json\/wp\/v2\/comments?post=258"}],"version-history":[{"count":0,"href":"https:\/\/catedramiguelhernandez.umh.es\/en\/wp-json\/wp\/v2\/pages\/258\/revisions"}],"wp:attachment":[{"href":"https:\/\/catedramiguelhernandez.umh.es\/en\/wp-json\/wp\/v2\/media?parent=258"}],"curies":[{"name":"wp","href":"https:\/\/api.w.org\/{rel}","templated":true}]}}