{"id":264,"date":"2023-02-15T11:08:42","date_gmt":"2023-02-15T10:08:42","guid":{"rendered":"https:\/\/catedramiguelhernandez.umh.es\/?page_id=264"},"modified":"2023-02-15T13:36:16","modified_gmt":"2023-02-15T12:36:16","slug":"cronologia","status":"publish","type":"page","link":"https:\/\/catedramiguelhernandez.umh.es\/en\/cronologia\/","title":{"rendered":"<span lang=\"es\">(Espa\u00f1ol) Cronolog\u00eda<\/span>"},"content":{"rendered":"<p>[et_pb_section fb_built=&#8221;1&#8243; admin_label=&#8221;section&#8221; _builder_version=&#8221;4.16&#8243; hover_enabled=&#8221;0&#8243; global_colors_info=&#8221;{}&#8221; sticky_enabled=&#8221;0&#8243; disabled_on=&#8221;on|on|on&#8221; disabled=&#8221;on&#8221;][et_pb_row admin_label=&#8221;row&#8221; _builder_version=&#8221;4.16&#8243; background_size=&#8221;initial&#8221; background_position=&#8221;top_left&#8221; background_repeat=&#8221;repeat&#8221; global_colors_info=&#8221;{}&#8221;][et_pb_column type=&#8221;4_4&#8243; _builder_version=&#8221;4.16&#8243; custom_padding=&#8221;|||&#8221; global_colors_info=&#8221;{}&#8221; custom_padding__hover=&#8221;|||&#8221;][et_pb_text disabled_on=&#8221;off|off|off&#8221; admin_label=&#8221;Text&#8221; _builder_version=&#8221;4.17.4&#8243; text_text_color=&#8221;#000000&#8243; text_font_size=&#8221;16px&#8221; header_font=&#8221;|600|||||||&#8221; background_size=&#8221;initial&#8221; background_position=&#8221;top_left&#8221; background_repeat=&#8221;repeat&#8221; text_orientation=&#8221;justified&#8221; global_colors_info=&#8221;{}&#8221;]<\/p>\n<h1>EL POETA<\/h1>\n<p>&nbsp;<\/p>\n<h2>1910<\/h2>\n<p style=\"padding-left: 30px;\">\u2022 Nace Miguel Hern\u00e1ndez el 30 de octubre en Orihuela (Alicante), calle San Juan, n\u00ba80.<\/p>\n<h2>1914<\/h2>\n<p style=\"padding-left: 30px;\">\u2022 Sus padres se trasladan a la calle Arriba, n\u00ba 73. (Actualmente, Calle Miguel Hern\u00e1ndez).<\/p>\n<h2>1915<\/h2>\n<p style=\"padding-left: 30px;\">\u2022 El 17 de mayo inicia su etapa escolar en el colegio privado &#8220;N\u00aa Sra. de Monserrate&#8221;.<\/p>\n<h2>1916<\/h2>\n<p style=\"padding-left: 30px;\">\u2022 Nace en Quesada (Ja\u00e9n) Josefina Manresa, futura esposa del poeta.<\/p>\n<h2>1918<\/h2>\n<p style=\"padding-left: 30px;\">\u2022 Inicia los estudios primarios en las Escuelas del Ave Mar\u00eda.<\/p>\n<h2>1923<\/h2>\n<p style=\"padding-left: 30px;\">\u2022 Contin\u00faa los estudios en el Colegio Santo Domingo, regido por los PP. Jesuitas.<\/p>\n<h2>1925<\/h2>\n<p style=\"padding-left: 30px;\">\u2022 Abandona el colegio para ayudar a su padre en el cuidado del ganado y en el reparto de leche. A partir de esta fecha se dedica plenamente al pastoreo, a la lectura y a escribir sus primeros versos.<\/p>\n<h2>1929<\/h2>\n<p style=\"padding-left: 30px;\">\u2022 Conoce a amigos determinantes en su formaci\u00f3n literaria: Ram\u00f3n Sij\u00e9, Carlos Fenoll, Jes\u00fas Poveda&#8230;<\/p>\n<h2>1930<\/h2>\n<p style=\"padding-left: 30px;\">\u2022 El 13 de enero publica su primer poema \u2013\u00abPastoril\u00bb\u2013 en el diario local El Pueblo de Orihuela, que dirige el can\u00f3nigo Luis Almarcha.<br \/>\u2022 El 15 de abril edita en ese mismo peri\u00f3dico su texto en prosa \u00abEscenas\u00bb.<br \/>\u2022 El 15 de junio aparece la primera rese\u00f1a sobre Hern\u00e1ndez en la revista oriolana Voluntad.<br \/>\u2022 A lo largo del a\u00f1o ver\u00e1n la luz otros poemas en distintos medios locales como Actualidad y Destellos.<\/p>\n<h2>1931<\/h2>\n<p style=\"padding-left: 30px;\">\u2022 El 29 de marzo recibe el premio del \u00abOrfe\u00f3n Ilicitano\u00bb por su poema \u00abCanto a Valencia\u00bb.<br \/>\u2022 En junio es nombrado presidente de las Juventudes Socialistas de Orihuela, cargo que abandona a los pocos meses.<br \/>\u2022 El 30 de noviembre, tras quedar excluido del servicio militar, emprende su primer viaje a Madrid buscando apoyo a su vocaci\u00f3n literaria.<\/p>\n<h2>1932<\/h2>\n<p style=\"padding-left: 30px;\">\u2022 El 14 de enero, Ernesto Gim\u00e9nez Caballero publica un reportaje sobre Hern\u00e1ndez en El Robins\u00f3n Literario de Espa\u00f1a.<br \/>\u2022 El periodista Rafael Mart\u00ednez Corbal\u00e1n le dedica una amplia entrevista en la revista madrile\u00f1a Estampa (22 de febrero).<br \/>\u2022 El 15 de mayo, durante su regreso a Orihuela, es detenido en Alc\u00e1zar de San Juan por llevar un billete de caridad a nombre de otra persona. Es su primera experiencia carcelaria.<br \/>\u2022 Trabaja como mecan\u00f3grafo en el despacho del notario Luis Maseres.<br \/>\u2022 Comienza la redacci\u00f3n de los poemas de Perito en lunas, que tendr\u00e1 casi concluido a final de a\u00f1o y que ser\u00e1 prologado por su compa\u00f1ero Ram\u00f3n Sij\u00e9.<br \/>\u2022 Trabaja en vatios textos en prosa entre los que destaca su novela inacabada La tragedia de Calisto.<br \/>\u2022 El 2 de octubre participa en un homenaje a Gabriel Mir\u00f3 en Orihuela, donde conoce, entre otros, a Carmen Conde, Antonio Oliver y Mar\u00eda Cegarra.<\/p>\n<h2>1933<\/h2>\n<p style=\"padding-left: 30px;\">\u2022 El 2 de enero, en Murcia, conoce a Federico Garc\u00eda Lorca, que se encuentra de visita en casa del editor Raimundo de los Reyes.<br \/>\u2022 El 20 de enero aparece Perito en lunas, su primer libro de poemas, publicado por la colecci\u00f3n Sudeste del diario murciano La Verdad.<br \/>\u2022 El 29 de abril, en el Ateneo de Alicante, junto a Ram\u00f3n Sij\u00e9, protagoniza un acto literario donde lee poemas de su nuevo libro.<br \/>\u2022 En septiembre tiene ya preparada la primera versi\u00f3n de su libro El silbo vulnerado.<br \/>\u2022 Comienza su auto sacramental Qui\u00e9n te ha visto y qui\u00e9n te ve y sombra de lo que eras.<\/p>\n<p>&nbsp;<\/p>\n<h2>1934<\/h2>\n<p style=\"padding-left: 30px;\">\u2022 En marzo realiza su segundo viaje a Madrid.<br \/>\u2022 Entrega a Jos\u00e9 Bergam\u00edn, director de la revista Cruz y Raya, los dos primeros actos de su auto sacramental. En la redacci\u00f3n de la revista conoce a Jos\u00e9 Mar\u00eda de Coss\u00edo.<br \/>\u2022 En junio se edita en Orihuela el primer n\u00famero de la revista El Gallo Crisis, que dirige Ram\u00f3n Sij\u00e9.<br \/>\u2022 El 19 de julio emprende su tercer viaje a Madrid, donde conoce a Pablo Neruda.<br \/>\u2022 Publica en la revista madrile\u00f1a Cruz y Raya el auto sacramental Qui\u00e9n te ha visto y qui\u00e9n te ve y sombra de lo que eras en los meses de julio, agosto y septiembre (n\u00fameros 16, 17 y 18).<br \/>\u2022 Entre agosto y octubre redacta su pieza teatral El torero m\u00e1s valiente, que dedica a Bergam\u00edn, y de la que publica dos escenas en El Gallo Crisis, n\u00fams. 3-4, anunciando ya su libro El silbo vulnerado como de pr\u00f3xima aparici\u00f3n.<br \/>\u2022 En septiembre formaliza du noviazgo con Josefina Manresa.<br \/>\u2022 El 30 de noviembre realiza su cuarto viaje a Madrid, donde toma contacto con los miembros de la Escuela de Vallecas, particularmente con Alberto S\u00e1nchez y Benjam\u00edn Palencia.<br \/>\u2022 Redacta los poemas que se conoce como el segundo Silbo vulnerado, que aspira a publicar en Cruz y Raya con ilustraciones de Banjam\u00edn Palencia.<\/p>\n<h2>1935<\/h2>\n<p style=\"padding-left: 30px;\">\u2022 En febrero, animado por Pablo Neruda, se traslada a Madrid con el prop\u00f3sito de encontrar trabajo y fijar su residencia.<br \/>\u2022 Se incorpora a las Misiones Pedag\u00f3gicas de la mano de Enrique Azcoaga.<br \/>\u2022 En primavera conoce a Vicente Aleixandre, figura fundamental en su futuro literario y afectivo.<br \/>\u2022 En mayo empieza a trabajar con Jos\u00e9 Mar\u00eda de Coss\u00edo en la enciclopedia Los Toros.<br \/>\u2022 En junio rompe su relaci\u00f3n con Josefina Manresa y se aproxima a la pintora Maruja Mallo, de probada influencia en la mayor parte de poemas de su futuro libro de sonetos amorosos.<br \/>\u2022 El 27 de agosto, invitado por Carmen Conde y Antonio Oliver, pronuncia una conferencia sobre Lope de Vega en la Universidad Popular de Cartagena.<br \/>\u2022 Entre el verano y el oto\u00f1o escribe el drama Los hijos de la piedra.<br \/>\u2022 Colabora en Caballo verde para la poes\u00eda, revista de Manuel Altolaguirre y Concha M\u00e9ndez que dirige Pablo Neruda.<br \/>\u2022 El 24 de diciembre muere su amigo Ram\u00f3n Sij\u00e9.<br \/>\u2022 Escribe la \u00abEleg\u00eda\u00bb al amigo muerto, que ve la luz en Revista de Occidente junto a seis sonetos de su pr\u00f3ximo libro El rayo que no cesa.<\/p>\n<h2>1936<\/h2>\n<p style=\"padding-left: 30px;\">\u2022 Publica en El Sol (2 de enero) su rese\u00f1a al libro Residencia en la tierra de Pablo Neruda.<br \/>\u2022 El 6 de enero es detenido en San Fernando del Jarama. Este hecho provoca la protesta y el manifiesto de un grupo de intelectuales.<br \/>\u2022 Se publica El rayo que no cesa el 24 de enero.<br \/>\u2022 En febrero se reconcilia con Josefina Manresa.<br \/>\u2022 En marzo contin\u00faa sus colaboraciones en las Misiones Pedag\u00f3gicas.<br \/>\u2022 El 14 de abril lee en Orihuela su \u00abEleg\u00eda\u00bb dedicada a Ram\u00f3n Sij\u00e9.<br \/>\u2022 En mayo se publica la revista oriolana Silbo, fundada por Jes\u00fas Poveda, Carlos Fenoll y Ram\u00f3n P\u00e9rez \u00c1lvarez.<br \/>\u2022 Hacia el verano, termina su obra teatral El labrador de m\u00e1s aire.<br \/>\u2022 El 18 de julio, d\u00eda del alzamiento, militar Miguel se encuentra en Madrid, aunque viaja a Orihuela el 29 de ese mes.<br \/>\u2022 El agosto es asesinado en Elda el padre de Josefina.<br \/>\u2022 Se incorpora al frente el 25 de septiembre.<br \/>\u2022 Tras un primer destino en las trincheras (Valdemoro, Cubas, Pozuelo, Alcal\u00e1 de Henares, Ciudad Lineal, Boadilla del Monte y Majadahonda), en noviembre se integra en la Primera Brigada M\u00f3vil de Choque, 11.\u00aa Divisi\u00f3n (batall\u00f3n comanda Valent\u00edn Gonz\u00e1lez, el Campesino), donde ocupa el cargo de agregado cultural del comisario pol\u00edtico Pablo de la Torriente.<br \/>\u2022 Comienza sus colabora en varias publicaciones del frente.<br \/>\u2022En diciembre viaja a Orihuela para ver a su familia y a Josefina.<\/p>\n<h2>1937<\/h2>\n<p style=\"padding-left: 30px;\">\u2022 En febrero es destinado en Andaluc\u00eda al Altavoz del Frente Sur.<br \/>\u2022 El 9 de marzo contrae matrimonio civil con Josefina Manresa en Orihuela.<br \/>\u2022 En su nuevo destino, Ja\u00e9n, corrige las primeras pruebas de su libro Viento del pueblo.<br \/>\u2022 Sigue colaborando en diversos medios del frente.<br \/>\u2022 En julio participa en el II Congreso Internacional de Escritores en defensa de la Cultura, celebrado en Valencia.<br \/>\u2022 Entre el 28 de agosto al 5 de octubre, enviado por el Ministerio de Instrucci\u00f3n P\u00fablica, realiza un viaje a la URSS para asistir al V Festival de Teatro Sovi\u00e9tico.<br \/>\u2022 Tras el verano se publica Viento del pueblo, Teatro en la guerra y El labrador de m\u00e1s aire.<br \/>\u2022 En noviembre concluye su obra teatral Pastor de la muerte.<br \/>\u2022 Nace su primer hijo, Manuel Ram\u00f3n, el 19 de diciembre.<\/p>\n<h2>1938<\/h2>\n<p style=\"padding-left: 30px;\">\u2022 Escribe el poemario El hombre acecha.<br \/>\u2022 En abril obtiene un acc\u00e9sit por su obra Pastor de la muerte, presentada al Concurso Nacional de Literatura.<br \/>\u2022 El 19 de octubre fallece su hijo.<br \/>\u2022 Inicia la redacci\u00f3n de los poemas que formar\u00e1n parte del libro Cancionero y romancero de ausencias.<\/p>\n<h2>1939<\/h2>\n<p style=\"padding-left: 30px;\">\u2022 El 4 de enero nace su segundo hijo, Manuel Miguel.<br \/>\u2022 La derrota del bando republicano le impide recoger los ejemplares de su poemario El hombre acecha, cuya edici\u00f3n es destruida en una imprenta valenciana por el ej\u00e9rcito franquista.<br \/>\u2022 Permanece en Cox del 14 de marzo al 19 de abril.<br \/>\u2022 Tras un penoso periplo es detenido en Portugal.<br \/>\u2022 El 7 de mayo es entregado a las autoridades espa\u00f1olas y acaba, tras su paso por Huelva y Sevilla, en la prisi\u00f3n madrile\u00f1a de Torrijos.<br \/>\u2022 Se le abre un Procedimiento Sumar\u00edsimo en el Juzgado Especial de Prensa.<br \/>\u2022 El 15 de septiembre, por una descoordinaci\u00f3n judicial, es puesto en libertad y regresa a Cox con su mujer y su hijo.<br \/>\u2022 El 25 de septiembre es detenido en Orihuela y encarcelado en el Seminario.<br \/>\u2022 El 2 de diciembre es trasladado a la prisi\u00f3n madrile\u00f1a de Conde de Toreno.<\/p>\n<h2>1940<\/h2>\n<p style=\"padding-left: 30px;\">\u2022 El 18 de enero es juzgado y condenado a pena de muerte por un Consejo de Guerra.<br \/>\u2022 El 9 de junio se le notifica la conmutaci\u00f3n de la pena de muerte por la de 30 a\u00f1os de c\u00e1rcel.<br \/>\u2022 El 15 de septiembre es trasladado a la prisi\u00f3n de Palencia.<br \/>\u2022 El 29 de noviembre es conducido a la c\u00e1rcel de Oca\u00f1a (Toledo).<\/p>\n<h2>1941<\/h2>\n<p style=\"padding-left: 30px;\">\u2022 El 29 de junio es trasladado al Reformatorio de Adultos de Alicante.<br \/>\u2022 En diciembre le diagnostican una grave infecci\u00f3n pulmonar que deriva en tuberculosis.<\/p>\n<h2>1942<\/h2>\n<p style=\"padding-left: 30px;\">\u2022 In articulo mortis, el 2 de marzo contrae matrimonio eclesi\u00e1stico con su esposa.<br \/>\u2022 El 28 de marzo muere en la enfermer\u00eda de la prisi\u00f3n alicantina.<br \/>\u2022 Sus restos reposan en el cementerio Nuestra Se\u00f1ora del Remedio de Alicante.<\/p>\n<p style=\"padding-left: 30px;\">[\/et_pb_text][\/et_pb_column][\/et_pb_row][\/et_pb_section][et_pb_section fb_built=&#8221;1&#8243; _builder_version=&#8221;4.16&#8243; global_colors_info=&#8221;{}&#8221;][et_pb_row _builder_version=&#8221;4.16&#8243; global_colors_info=&#8221;{}&#8221;][et_pb_column type=&#8221;4_4&#8243; _builder_version=&#8221;4.16&#8243; global_colors_info=&#8221;{}&#8221;][et_pb_text _builder_version=&#8221;4.17.4&#8243; _module_preset=&#8221;default&#8221; header_font=&#8221;|700|||||||&#8221; header_text_color=&#8221;#000000&#8243; global_colors_info=&#8221;{}&#8221;]<\/p>\n<h1>CRONOLOG\u00cdA<\/h1>\n<p>[\/et_pb_text][et_pb_tabs active_tab_background_color=&#8221;#651906&#8243; inactive_tab_background_color=&#8221;#FFFFFF&#8221; active_tab_text_color=&#8221;#FFFFFF&#8221; _builder_version=&#8221;4.17.4&#8243; tab_text_color=&#8221;#651906&#8243; body_text_align=&#8221;justify&#8221; body_text_color=&#8221;#000000&#8243; body_font_size=&#8221;16px&#8221; tab_font=&#8221;|600|||||||&#8221; tab_font_size=&#8221;16px&#8221; border_width_all=&#8221;3px&#8221; border_color_all=&#8221;#651906&#8243; global_colors_info=&#8221;{}&#8221;][et_pb_tab title=&#8221;1910&#8243; _builder_version=&#8221;4.16&#8243; global_colors_info=&#8221;{}&#8221;]<\/p>\n<ul>\n<li>Nace Miguel Hern\u00e1ndez el 30 de octubre en Orihuela (Alicante), calle San Juan, n\u00ba 80.<\/li>\n<\/ul>\n<p>[\/et_pb_tab][et_pb_tab title=&#8221;1914&#8243; _builder_version=&#8221;4.16&#8243; global_colors_info=&#8221;{}&#8221;]<\/p>\n<ul>\n<li>Sus padres se trasladan a la calle Arriba, n\u00ba 73. (Actualmente, Calle Miguel Hern\u00e1ndez)<\/li>\n<\/ul>\n<p>[\/et_pb_tab][et_pb_tab title=&#8221;1915&#8243; _builder_version=&#8221;4.16&#8243; global_colors_info=&#8221;{}&#8221;]<\/p>\n<ul>\n<li>El 17 de mayo inicia su etapa escolar en el colegio privado \u201cN\u00aa Sra. de Monserrate\u201d.<\/li>\n<\/ul>\n<p>[\/et_pb_tab][et_pb_tab title=&#8221;1916&#8243; _builder_version=&#8221;4.16&#8243; global_colors_info=&#8221;{}&#8221;]<\/p>\n<ul>\n<li><span style=\"font-weight: 400\">Nace en Quesada (Ja\u00e9n) Josefina Manresa, futura esposa del poeta.<\/span><\/li>\n<\/ul>\n<p>[\/et_pb_tab][et_pb_tab title=&#8221;1918&#8243; _builder_version=&#8221;4.16&#8243; global_colors_info=&#8221;{}&#8221;]<\/p>\n<ul>\n<li><span style=\"font-weight: 400\">Inicia los estudios primarios en las Escuelas del Ave Mar\u00eda.<\/span><\/li>\n<\/ul>\n<p>[\/et_pb_tab][et_pb_tab title=&#8221;1923&#8243; _builder_version=&#8221;4.16&#8243; global_colors_info=&#8221;{}&#8221;]<\/p>\n<ul>\n<li style=\"font-weight: 400\"><span style=\"font-weight: 400\">Contin\u00faa los estudios en el Colegio Santo Domingo, regido por los PP. Jesuitas.<\/span><\/li>\n<\/ul>\n<p>[\/et_pb_tab][et_pb_tab title=&#8221;1925&#8243; _builder_version=&#8221;4.16&#8243; global_colors_info=&#8221;{}&#8221;]<\/p>\n<ul>\n<li style=\"font-weight: 400\"><span style=\"font-weight: 400\">Abandona el colegio para ayudar a su padre en el cuidado del ganado y en el reparto de leche. A partir de esta fecha se dedica plenamente al pastoreo, a la lectura y a escribir sus primeros versos.<\/span><\/li>\n<\/ul>\n<p>[\/et_pb_tab][et_pb_tab title=&#8221;1929&#8243; _builder_version=&#8221;4.16&#8243; global_colors_info=&#8221;{}&#8221;]<\/p>\n<ul>\n<li><span style=\"font-weight: 400\">Conoce a amigos determinantes en su formaci\u00f3n literaria: Ram\u00f3n Sij\u00e9, Carlos Fenoll, Jes\u00fas Poveda&#8230;<\/span><\/li>\n<\/ul>\n<p>[\/et_pb_tab][et_pb_tab title=&#8221;1930&#8243; _builder_version=&#8221;4.16&#8243; global_colors_info=&#8221;{}&#8221;]<\/p>\n<ul>\n<li>El 13 de enero publica su primer poema \u2013\u00abPastoril\u00bb\u2013 en el diario local El Pueblo de Orihuela, que dirige el can\u00f3nigo Luis Almarcha.<\/li>\n<li>El 15 de abril edita en ese mismo peri\u00f3dico su texto en prosa \u00abEscenas\u00bb. <\/li>\n<li>El 15 de junio aparece la primera rese\u00f1a sobre Hern\u00e1ndez en la revista oriolana Voluntad. <\/li>\n<li>A lo largo del a\u00f1o ver\u00e1n la luz otros poemas en distintos medios locales como Actualidad y Destellos.<\/li>\n<\/ul>\n<p>[\/et_pb_tab][et_pb_tab title=&#8221;1931&#8243; _builder_version=&#8221;4.16&#8243; global_colors_info=&#8221;{}&#8221;]<\/p>\n<ul>\n<li style=\"font-weight: 400\"><span style=\"font-weight: 400\">El 29 de marzo recibe el premio del \u00abOrfe\u00f3n Ilicitano\u00bb por su poema \u00abCanto a Valencia\u00bb.\u00a0<\/span><\/li>\n<li style=\"font-weight: 400\"><span style=\"font-weight: 400\">En junio es nombrado presidente de las Juventudes Socialistas de Orihuela, cargo que abandona a los pocos meses.\u00a0<\/span><\/li>\n<li style=\"font-weight: 400\"><span style=\"font-weight: 400\">El 30 de noviembre, tras quedar excluido del servicio militar, emprende su primer viaje a Madrid buscando apoyo a su vocaci\u00f3n literaria.<\/span><\/li>\n<\/ul>\n<p>[\/et_pb_tab][et_pb_tab title=&#8221;1932&#8243; _builder_version=&#8221;4.16&#8243; global_colors_info=&#8221;{}&#8221;]<\/p>\n<ul>\n<li style=\"font-weight: 400\"><span style=\"font-weight: 400\">El 14 de enero, Ernesto Gim\u00e9nez Caballero publica un reportaje sobre Hern\u00e1ndez en <\/span><i><span style=\"font-weight: 400\">El Robins\u00f3n Literario <\/span><\/i><span style=\"font-weight: 400\">de Espa\u00f1a.\u00a0<\/span><\/li>\n<li style=\"font-weight: 400\"><span style=\"font-weight: 400\">El periodista Rafael Mart\u00ednez Corbal\u00e1n le dedica una amplia entrevista en la revista madrile\u00f1a <\/span><i><span style=\"font-weight: 400\">Estampa<\/span><\/i><span style=\"font-weight: 400\"> (22 de febrero).\u00a0<\/span><\/li>\n<li style=\"font-weight: 400\"><span style=\"font-weight: 400\">El 15 de mayo, durante su regreso a Orihuela, es detenido en Alc\u00e1zar de San Juan por llevar un billete de caridad a nombre de otra persona. Es su primera experiencia carcelaria.<\/span><\/li>\n<li style=\"font-weight: 400\"><span style=\"font-weight: 400\">Trabaja como mecan\u00f3grafo en el despacho del notario Luis Maseres.\u00a0<\/span><\/li>\n<li style=\"font-weight: 400\"><span style=\"font-weight: 400\">Comienza la redacci\u00f3n de los poemas de <\/span><i><span style=\"font-weight: 400\">Perito en lunas<\/span><\/i><span style=\"font-weight: 400\">, que tendr\u00e1 casi concluido a final de a\u00f1o y que ser\u00e1 prologado por su compa\u00f1ero Ram\u00f3n Sij\u00e9.<\/span><\/li>\n<li style=\"font-weight: 400\"><span style=\"font-weight: 400\">Trabaja en vatios textos en prosa entre los que destaca su novela inacabada <\/span><i><span style=\"font-weight: 400\">La tragedia de Calisto<\/span><\/i><span style=\"font-weight: 400\">.\u00a0<\/span><\/li>\n<li style=\"font-weight: 400\"><span style=\"font-weight: 400\">El 2 de octubre participa en un homenaje a Gabriel Mir\u00f3 en Orihuela, donde conoce, entre otros, a Carmen Conde, Antonio Oliver y Mar\u00eda Cegarra.<\/span><\/li>\n<\/ul>\n<p>[\/et_pb_tab][et_pb_tab title=&#8221;1933&#8243; _builder_version=&#8221;4.16&#8243; global_colors_info=&#8221;{}&#8221;]<\/p>\n<ul>\n<li>El 2 de enero, en Murcia, conoce a Federico Garc\u00eda Lorca, que se encuentra de visita en casa del editor Raimundo de los Reyes. <\/li>\n<li>El 20 de enero aparece Perito en lunas, su primer libro de poemas, publicado por la colecci\u00f3n Sudeste del diario murciano La Verdad.<\/li>\n<li>El 29 de abril, en el Ateneo de Alicante, junto a Ram\u00f3n Sij\u00e9, protagoniza un acto literario donde lee poemas de su nuevo libro. <\/li>\n<li>En septiembre tiene ya preparada la primera versi\u00f3n de su libro El silbo vulnerado. <\/li>\n<li>Comienza su auto sacramental Qui\u00e9n te ha visto y qui\u00e9n te ve y sombra de lo que eras.<\/li>\n<\/ul>\n<p>[\/et_pb_tab][et_pb_tab title=&#8221;1934&#8243; _builder_version=&#8221;4.16&#8243; global_colors_info=&#8221;{}&#8221;]<\/p>\n<ul>\n<li>En marzo realiza su segundo viaje a Madrid.<\/li>\n<li>Entrega a Jos\u00e9 Bergam\u00edn, director de la revista Cruz y Raya, los dos primeros actos de su auto sacramental. En la redacci\u00f3n de la revista conoce a Jos\u00e9 Mar\u00eda de Coss\u00edo.<\/li>\n<li>En junio se edita en Orihuela el primer n\u00famero de la revista El Gallo Crisis, que dirige Ram\u00f3n Sij\u00e9.<\/li>\n<li>El 19 de julio emprende su tercer viaje a Madrid, donde conoce a Pablo Neruda.<\/li>\n<li>Publica en la revista madrile\u00f1a Cruz y Raya el auto sacramental Qui\u00e9n te ha visto y qui\u00e9n te ve y sombra de lo que eras en los meses de julio, agosto y septiembre (n\u00fameros 16, 17 y 18).<\/li>\n<li>Entre agosto y octubre redacta su pieza teatral El torero m\u00e1s valiente, que dedica a Bergam\u00edn, y de la que publica dos escenas en El Gallo Crisis, n\u00fams. 3-4, anunciando ya su libro El silbo vulnerado como de pr\u00f3xima aparici\u00f3n.<\/li>\n<li>En septiembre formaliza du noviazgo con Josefina Manresa.<\/li>\n<li>El 30 de noviembre realiza su cuarto viaje a Madrid, donde toma contacto con los miembros de la Escuela de Vallecas, particularmente con Alberto S\u00e1nchez y Benjam\u00edn Palencia.<\/li>\n<li>Redacta los poemas que se conoce como el segundo Silbo vulnerado, que aspira a publicar en Cruz y Raya con ilustraciones de Banjam\u00edn Palencia.<\/li>\n<\/ul>\n<p>[\/et_pb_tab][et_pb_tab title=&#8221;1935&#8243; _builder_version=&#8221;4.16&#8243; global_colors_info=&#8221;{}&#8221;]<\/p>\n<ul>\n<li style=\"font-weight: 400\"><span style=\"font-weight: 400\">En febrero, animado por Pablo Neruda, se traslada a Madrid con el prop\u00f3sito de encontrar trabajo y fijar su residencia.<\/span><\/li>\n<li style=\"font-weight: 400\"><span style=\"font-weight: 400\">Se incorpora a las Misiones Pedag\u00f3gicas de la mano de Enrique Azcoaga.<\/span><\/li>\n<li style=\"font-weight: 400\"><span style=\"font-weight: 400\">En primavera conoce a Vicente Aleixandre, figura fundamental en su futuro literario y afectivo.<\/span><\/li>\n<li style=\"font-weight: 400\"><span style=\"font-weight: 400\">En mayo empieza a trabajar con Jos\u00e9 Mar\u00eda de Coss\u00edo en la enciclopedia <\/span><i><span style=\"font-weight: 400\">Los Toros<\/span><\/i><span style=\"font-weight: 400\">.<\/span><\/li>\n<li style=\"font-weight: 400\"><span style=\"font-weight: 400\">En junio rompe su relaci\u00f3n con Josefina Manresa y se aproxima a la pintora Maruja Mallo, de probada influencia en la mayor parte de poemas de su futuro libro de sonetos amorosos.<\/span><\/li>\n<li style=\"font-weight: 400\"><span style=\"font-weight: 400\">El 27 de agosto, invitado por Carmen Conde y Antonio Oliver, pronuncia una conferencia sobre Lope de Vega en la Universidad Popular de Cartagena.<\/span><\/li>\n<li style=\"font-weight: 400\"><span style=\"font-weight: 400\">Entre el verano y el oto\u00f1o escribe el drama <\/span><i><span style=\"font-weight: 400\">Los hijos de la piedra.<\/span><\/i><\/li>\n<li style=\"font-weight: 400\"><span style=\"font-weight: 400\">Colabora en<\/span><i><span style=\"font-weight: 400\"> Caballo verde para la poes\u00eda<\/span><\/i><span style=\"font-weight: 400\">, revista de Manuel Altolaguirre y Concha M\u00e9ndez que dirige Pablo Neruda.<\/span><span style=\"font-weight: 400\"><br \/><\/span><span style=\"font-weight: 400\">El 24 de diciembre muere su amigo Ram\u00f3n Sij\u00e9.\u00a0<\/span><\/li>\n<li style=\"font-weight: 400\"><span style=\"font-weight: 400\">Escribe la \u00abEleg\u00eda\u00bb al amigo muerto, que ve la luz en <\/span><i><span style=\"font-weight: 400\">Revista de Occidente<\/span><\/i><span style=\"font-weight: 400\"> junto a seis sonetos de su pr\u00f3ximo libro <\/span><i><span style=\"font-weight: 400\">El rayo que no cesa<\/span><\/i><span style=\"font-weight: 400\">.<\/span><\/li>\n<\/ul>\n<p>[\/et_pb_tab][et_pb_tab title=&#8221;1936&#8243; _builder_version=&#8221;4.16&#8243; global_colors_info=&#8221;{}&#8221;]<\/p>\n<ul>\n<li>Publica en El Sol (2 de enero) su rese\u00f1a al libro Residencia en la tierra de Pablo Neruda.<\/li>\n<li>El 6 de enero es detenido en San Fernando del Jarama. Este hecho provoca la protesta y el manifiesto de un grupo de intelectuales.<\/li>\n<li>Se publica El rayo que no cesa el 24 de enero.<\/li>\n<li>En febrero se reconcilia con Josefina Manresa.<\/li>\n<li>En marzo contin\u00faa sus colaboraciones en las Misiones Pedag\u00f3gicas.<\/li>\n<li>El 14 de abril lee en Orihuela su \u00abEleg\u00eda\u00bb dedicada a Ram\u00f3n Sij\u00e9.<\/li>\n<li>En mayo se publica la revista oriolana Silbo, fundada por Jes\u00fas Poveda, Carlos Fenoll y Ram\u00f3n P\u00e9rez \u00c1lvarez.<\/li>\n<li>Hacia el verano, termina su obra teatral El labrador de m\u00e1s aire.<\/li>\n<li>El 18 de julio, d\u00eda del alzamiento, militar Miguel se encuentra en Madrid, aunque viaja a Orihuela el 29 de ese mes.<\/li>\n<li>El agosto es asesinado en Elda el padre de Josefina.<\/li>\n<li>Se incorpora al frente el 25 de septiembre.<\/li>\n<li>Tras un primer destino en las trincheras (Valdemoro, Cubas, Pozuelo, Alcal\u00e1 de Henares, Ciudad Lineal, Boadilla del Monte y Majadahonda), en noviembre se integra en la Primera Brigada M\u00f3vil de Choque, 11.\u00aa Divisi\u00f3n (batall\u00f3n comanda Valent\u00edn Gonz\u00e1lez, el Campesino), donde ocupa el cargo de agregado cultural del comisario pol\u00edtico Pablo de la Torriente.<\/li>\n<li>Comienza sus colabora en varias publicaciones del frente.<\/li>\n<li>En diciembre viaja a Orihuela para ver a su familia y a Josefina.<\/li>\n<\/ul>\n<p>[\/et_pb_tab][et_pb_tab title=&#8221;1937&#8243; _builder_version=&#8221;4.16&#8243; global_colors_info=&#8221;{}&#8221;]<\/p>\n<ul>\n<li>En febrero es destinado en Andaluc\u00eda al Altavoz del Frente Sur. <\/li>\n<li>El 9 de marzo contrae matrimonio civil con Josefina Manresa en Orihuela. <\/li>\n<li>En su nuevo destino, Ja\u00e9n, corrige las primeras pruebas de su libro Viento del pueblo.<\/li>\n<li>Sigue colaborando en diversos medios del frente.<\/li>\n<li>En julio participa en el II Congreso Internacional de Escritores en defensa de la Cultura, celebrado en Valencia.<\/li>\n<li>Entre el 28 de agosto al 5 de octubre, enviado por el Ministerio de Instrucci\u00f3n P\u00fablica, realiza un viaje a la URSS para asistir al V Festival de Teatro Sovi\u00e9tico. <\/li>\n<li>Tras el verano se publica Viento del pueblo, Teatro en la guerra y El labrador de m\u00e1s aire.<\/li>\n<li>En noviembre concluye su obra teatral Pastor de la muerte.<br \/>Nace su primer hijo, Manuel Ram\u00f3n, el 19 de diciembre.<\/li>\n<\/ul>\n<p>[\/et_pb_tab][et_pb_tab title=&#8221;1938&#8243; _builder_version=&#8221;4.16&#8243; global_colors_info=&#8221;{}&#8221;]<\/p>\n<ul>\n<li>Escribe el poemario El hombre acecha. <\/li>\n<li>En abril obtiene un acc\u00e9sit por su obra Pastor de la muerte, presentada al Concurso Nacional de Literatura.<\/li>\n<li>El 19 de octubre fallece su hijo.<\/li>\n<li>Inicia la redacci\u00f3n de los poemas que formar\u00e1n parte del libro Cancionero y romancero de ausencias.<\/li>\n<\/ul>\n<p>[\/et_pb_tab][et_pb_tab title=&#8221;1939&#8243; _builder_version=&#8221;4.16&#8243; global_colors_info=&#8221;{}&#8221;]<\/p>\n<ul>\n<li style=\"font-weight: 400\"><span style=\"font-weight: 400\">El 4 de enero nace su segundo hijo, Manuel Miguel.<\/span><\/li>\n<li style=\"font-weight: 400\"><span style=\"font-weight: 400\">La derrota del bando republicano le impide recoger los ejemplares de su poemario <\/span><i><span style=\"font-weight: 400\">El hombre acecha<\/span><\/i><span style=\"font-weight: 400\">, cuya edici\u00f3n es destruida en una imprenta valenciana por el ej\u00e9rcito franquista.<\/span><\/li>\n<li style=\"font-weight: 400\"><span style=\"font-weight: 400\">Permanece en Cox del 14 de marzo al 19 de abril.<\/span><\/li>\n<li style=\"font-weight: 400\"><span style=\"font-weight: 400\">Tras un penoso periplo es detenido en Portugal.<\/span><\/li>\n<li style=\"font-weight: 400\"><span style=\"font-weight: 400\">El 7 de mayo es entregado a las autoridades espa\u00f1olas y acaba, tras su paso por Huelva y Sevilla, en la prisi\u00f3n madrile\u00f1a de Torrijos.<\/span><\/li>\n<li style=\"font-weight: 400\"><span style=\"font-weight: 400\">Se le abre un Procedimiento Sumar\u00edsimo en el Juzgado Especial de Prensa.<\/span><\/li>\n<li style=\"font-weight: 400\"><span style=\"font-weight: 400\">El 15 de septiembre, por una descoordinaci\u00f3n judicial, es puesto en libertad y regresa a Cox con su mujer y su hijo.<\/span><\/li>\n<li style=\"font-weight: 400\"><span style=\"font-weight: 400\">El 25 de septiembre es detenido en Orihuela y encarcelado en el Seminario.<\/span><\/li>\n<li style=\"font-weight: 400\"><span style=\"font-weight: 400\">El 2 de diciembre es trasladado a la prisi\u00f3n madrile\u00f1a de Conde de Toreno.<\/span><\/li>\n<\/ul>\n<p>[\/et_pb_tab][et_pb_tab title=&#8221;1940&#8243; _builder_version=&#8221;4.16&#8243; global_colors_info=&#8221;{}&#8221;]<\/p>\n<ul>\n<li style=\"font-weight: 400\"><span style=\"font-weight: 400\">El 18 de enero es juzgado y condenado a pena de muerte por un Consejo de Guerra.\u00a0<\/span><\/li>\n<li style=\"font-weight: 400\"><span style=\"font-weight: 400\">El 9 de junio se le notifica la conmutaci\u00f3n de la pena de muerte por la de 30 a\u00f1os de c\u00e1rcel.<\/span><\/li>\n<li style=\"font-weight: 400\"><span style=\"font-weight: 400\">El 15 de septiembre es trasladado a la prisi\u00f3n de Palencia.<\/span><\/li>\n<li style=\"font-weight: 400\"><span style=\"font-weight: 400\">El 29 de noviembre es conducido a la c\u00e1rcel de Oca\u00f1a (Toledo).<\/span><\/li>\n<\/ul>\n<p>[\/et_pb_tab][et_pb_tab title=&#8221;1941&#8243; _builder_version=&#8221;4.16&#8243; global_colors_info=&#8221;{}&#8221;]<\/p>\n<ul>\n<li style=\"font-weight: 400\"><span style=\"font-weight: 400\">El 29 de junio es trasladado al Reformatorio de Adultos de Alicante.<\/span><\/li>\n<li style=\"font-weight: 400\"><span style=\"font-weight: 400\">En diciembre le diagnostican una grave infecci\u00f3n pulmonar que deriva en tuberculosis.<\/span><\/li>\n<\/ul>\n<p>[\/et_pb_tab][et_pb_tab title=&#8221;1942&#8243; _builder_version=&#8221;4.16&#8243; global_colors_info=&#8221;{}&#8221;]<\/p>\n<ul>\n<li style=\"font-weight: 400\"><span style=\"font-weight: 400\">In articulo mortis, el 2 de marzo contrae matrimonio eclesi\u00e1stico con su esposa.<\/span><\/li>\n<li style=\"font-weight: 400\"><span style=\"font-weight: 400\">El 28 de marzo muere en la enfermer\u00eda de la prisi\u00f3n alicantina.\u00a0<\/span><\/li>\n<li style=\"font-weight: 400\"><span style=\"font-weight: 400\">Sus restos reposan en el cementerio Nuestra Se\u00f1ora del Remedio de Alicante.<\/span><\/li>\n<\/ul>\n<p>[\/et_pb_tab][\/et_pb_tabs][\/et_pb_column][\/et_pb_row][\/et_pb_section]<\/p>\n","protected":false},"excerpt":{"rendered":"<p>EL POETA &nbsp; 1910 \u2022 Nace Miguel Hern\u00e1ndez el 30 de octubre en Orihuela (Alicante), calle San Juan, n\u00ba80. 1914 \u2022 Sus padres se trasladan a la calle Arriba, n\u00ba 73. (Actualmente, Calle Miguel Hern\u00e1ndez). 1915 \u2022 El 17 de mayo inicia su etapa escolar en el colegio privado &#8220;N\u00aa Sra. de Monserrate&#8221;. 1916 \u2022 [&hellip;]<\/p>\n","protected":false},"author":23459,"featured_media":0,"parent":0,"menu_order":0,"comment_status":"closed","ping_status":"closed","template":"","meta":{"_et_pb_use_builder":"on","_et_pb_old_content":"","_et_gb_content_width":"","_links_to":"","_links_to_target":""},"_links":{"self":[{"href":"https:\/\/catedramiguelhernandez.umh.es\/en\/wp-json\/wp\/v2\/pages\/264"}],"collection":[{"href":"https:\/\/catedramiguelhernandez.umh.es\/en\/wp-json\/wp\/v2\/pages"}],"about":[{"href":"https:\/\/catedramiguelhernandez.umh.es\/en\/wp-json\/wp\/v2\/types\/page"}],"author":[{"embeddable":true,"href":"https:\/\/catedramiguelhernandez.umh.es\/en\/wp-json\/wp\/v2\/users\/23459"}],"replies":[{"embeddable":true,"href":"https:\/\/catedramiguelhernandez.umh.es\/en\/wp-json\/wp\/v2\/comments?post=264"}],"version-history":[{"count":0,"href":"https:\/\/catedramiguelhernandez.umh.es\/en\/wp-json\/wp\/v2\/pages\/264\/revisions"}],"wp:attachment":[{"href":"https:\/\/catedramiguelhernandez.umh.es\/en\/wp-json\/wp\/v2\/media?parent=264"}],"curies":[{"name":"wp","href":"https:\/\/api.w.org\/{rel}","templated":true}]}}