{"id":514,"date":"2023-02-15T12:50:38","date_gmt":"2023-02-15T11:50:38","guid":{"rendered":"https:\/\/catedramiguelhernandez.umh.es\/?page_id=514"},"modified":"2023-02-15T13:56:55","modified_gmt":"2023-02-15T12:56:55","slug":"legado-miguel-hernandez","status":"publish","type":"page","link":"https:\/\/catedramiguelhernandez.umh.es\/en\/legado-miguel-hernandez\/","title":{"rendered":"<span lang=\"es\">(Espa\u00f1ol) Legado Miguel Hern\u00e1ndez<\/span>"},"content":{"rendered":"<p>[et_pb_section fb_built=&#8221;1&#8243; admin_label=&#8221;section&#8221; _builder_version=&#8221;4.16&#8243; global_colors_info=&#8221;{}&#8221;][et_pb_row admin_label=&#8221;row&#8221; _builder_version=&#8221;4.16&#8243; background_size=&#8221;initial&#8221; background_position=&#8221;top_left&#8221; background_repeat=&#8221;repeat&#8221; global_colors_info=&#8221;{}&#8221;][et_pb_column type=&#8221;4_4&#8243; _builder_version=&#8221;4.16&#8243; custom_padding=&#8221;|||&#8221; global_colors_info=&#8221;{}&#8221; custom_padding__hover=&#8221;|||&#8221;][et_pb_text admin_label=&#8221;Text&#8221; _builder_version=&#8221;4.17.4&#8243; header_font=&#8221;|700|||||||&#8221; background_size=&#8221;initial&#8221; background_position=&#8221;top_left&#8221; background_repeat=&#8221;repeat&#8221; hover_enabled=&#8221;0&#8243; global_colors_info=&#8221;{}&#8221; header_text_color=&#8221;#000000&#8243; text_text_color=&#8221;#000000&#8243; text_font_size=&#8221;16px&#8221; text_orientation=&#8221;justified&#8221; sticky_enabled=&#8221;0&#8243;]<\/p>\n<h1>LEGADO MIGUEL HERN\u00c1NDEZ (JA\u00c9N)<\/h1>\n<p>&nbsp;<\/p>\n<p><span style=\"text-decoration: underline; color: #0000ff;\"><a rel=\"noreferrer noopener\" href=\"https:\/\/www.dipujaen.es\/microsites\/miguel-hernandez\/legado-miguel-hernandez\/guia-legado.html\" target=\"_blank\" style=\"color: #0000ff;\">Legado Miguel Hern\u00e1ndez en Ja\u00e9n<\/a>.<\/span><\/p>\n<p><span style=\"font-weight: 400;\">La\u00a0<\/span><b>Fundaci\u00f3n \u201c<\/b><b><i>Legado literario Miguel Hern\u00e1ndez<\/i><\/b><b>\u201d<\/b><span style=\"font-weight: 400;\">\u00a0es una entidad cultural sin \u00e1nimo de lucro que se presenta como la oportunidad id\u00f3nea para impulsar, en los \u00e1mbitos local, auton\u00f3mico, nacional e internacional, la difusi\u00f3n de la figura y la obra del poeta Miguel Hern\u00e1ndez. Es una iniciativa que ha puesto en\u00a0marcha la Diputaci\u00f3n de Ja\u00e9n en colaboraci\u00f3n con los herederos del poeta, la Universidad de Ja\u00e9n y el Ayuntamiento de Quesada (Ja\u00e9n).<\/span><\/p>\n<p><span style=\"font-weight: 400;\">Este a\u00f1o 2022, la Fundaci\u00f3n, con el apoyo de Diputaci\u00f3n Provincial y el resto de la familia hernandiana, conmemora el 80 aniversario de la muerte de Miguel Hern\u00e1ndez con un\u00a0\u00a0amplio programa de actividades.\u00a0<\/span><\/p>\n<p><!-- \/wp:paragraph --><\/p>\n<p>&nbsp;<\/p>\n<p>[\/et_pb_text][\/et_pb_column][\/et_pb_row][\/et_pb_section]<\/p>\n","protected":false},"excerpt":{"rendered":"<p>LEGADO MIGUEL HERN\u00c1NDEZ (JA\u00c9N) &nbsp; Legado Miguel Hern\u00e1ndez en Ja\u00e9n. La\u00a0Fundaci\u00f3n \u201cLegado literario Miguel Hern\u00e1ndez\u201d\u00a0es una entidad cultural sin \u00e1nimo de lucro que se presenta como la oportunidad id\u00f3nea para impulsar, en los \u00e1mbitos local, auton\u00f3mico, nacional e internacional, la difusi\u00f3n de la figura y la obra del poeta Miguel Hern\u00e1ndez. Es una iniciativa que [&hellip;]<\/p>\n","protected":false},"author":23459,"featured_media":0,"parent":0,"menu_order":0,"comment_status":"closed","ping_status":"closed","template":"","meta":{"_et_pb_use_builder":"on","_et_pb_old_content":"","_et_gb_content_width":"","_links_to":"","_links_to_target":""},"_links":{"self":[{"href":"https:\/\/catedramiguelhernandez.umh.es\/en\/wp-json\/wp\/v2\/pages\/514"}],"collection":[{"href":"https:\/\/catedramiguelhernandez.umh.es\/en\/wp-json\/wp\/v2\/pages"}],"about":[{"href":"https:\/\/catedramiguelhernandez.umh.es\/en\/wp-json\/wp\/v2\/types\/page"}],"author":[{"embeddable":true,"href":"https:\/\/catedramiguelhernandez.umh.es\/en\/wp-json\/wp\/v2\/users\/23459"}],"replies":[{"embeddable":true,"href":"https:\/\/catedramiguelhernandez.umh.es\/en\/wp-json\/wp\/v2\/comments?post=514"}],"version-history":[{"count":0,"href":"https:\/\/catedramiguelhernandez.umh.es\/en\/wp-json\/wp\/v2\/pages\/514\/revisions"}],"wp:attachment":[{"href":"https:\/\/catedramiguelhernandez.umh.es\/en\/wp-json\/wp\/v2\/media?parent=514"}],"curies":[{"name":"wp","href":"https:\/\/api.w.org\/{rel}","templated":true}]}}